{"id":16885,"date":"2022-10-14T02:43:24","date_gmt":"2022-10-14T06:43:24","guid":{"rendered":"https:\/\/newyorkhipknee.com\/indemnizacion-por-accidente-laboral\/perdida-de-uso-programada\/sistema-visual-sistema-auditivo-cicatrices-faciales-y-desfiguracion\/"},"modified":"2022-10-14T02:43:24","modified_gmt":"2022-10-14T06:43:24","slug":"sistema-visual-sistema-auditivo-cicatrices-faciales-y-desfiguracion","status":"publish","type":"page","link":"https:\/\/www.newyorkhipknee.com\/es\/indemnizacion-por-accidente-laboral\/perdida-de-uso-programada\/sistema-visual-sistema-auditivo-cicatrices-faciales-y-desfiguracion\/","title":{"rendered":"Sistema visual, sistema auditivo, cicatrices faciales y desfiguraci\u00f3n"},"content":{"rendered":"<p>Utilizaremos estas directrices si ha sufrido una lesi\u00f3n laboral y tiene curiosidad por conocer el efecto de la \u00abp\u00e9rdida programada de uso (SLU)\u00bb en su sistema visual, auditivo, cicatriz facial o desfiguraci\u00f3n. Entonces, podr\u00eda tener derecho a una indemnizaci\u00f3n determinada por la normativa de la Junta de Indemnizaci\u00f3n por Accidentes de Trabajo.<\/p>\n<p>Nuestro informe SLU concluir\u00e1 que usted ha perdido de forma permanente la funci\u00f3n en la parte del cuerpo lesionada debido a su accidente laboral. La determinaci\u00f3n del deterioro se basa en las directrices de indemnizaci\u00f3n por accidente de trabajo del Estado de Nueva York.<\/p>\n<h2>Introducci\u00f3n al sistema visual<\/h2>\n<p>Nuestro objetivo es evaluar los criterios de deterioro permanente debidos a la disfunci\u00f3n del sistema visual, incluidos los ojos, los anexos oculares y las v\u00edas visuales. Adem\u00e1s, utilizamos una cuantificaci\u00f3n de la discapacidad visual debida a una lesi\u00f3n laboral y la traducimos en un baremo de pagos.<\/p>\n<p>Utilizamos los siguientes par\u00e1metros para evaluar la discapacidad visual:<\/p>\n<ul>\n<li>P\u00e9rdida de agudeza visual corregida o no corregida de objetos a distancia.&nbsp;<\/li>\n<li>P\u00e9rdida de campo visual&nbsp;<\/li>\n<li>Diplop\u00eda<\/li>\n<\/ul>\n<p>La visi\u00f3n es imperfecta sin la funci\u00f3n coordinada de todos los par\u00e1metros.<\/p>\n<p>Programaremos caso por caso al evaluar una deformidad ocular y facial visible. Utilizamos el siguiente equipo durante la evaluaci\u00f3n de la funci\u00f3n ocular:<\/p>\n<ol>\n<li>Las tablas de pruebas de agudeza visual a distancia incluyen la tabla de Snellen con letras y n\u00fameros, la tabla E analfabeta y la tabla de anillos rotos de Landolt.&nbsp;<\/li>\n<li>Un per\u00edmetro tipo Goldmann o automatizado de la extensi\u00f3n del campo visual y registrado en grados&nbsp;<\/li>\n<li>Equipo de refracci\u00f3n o un informe que detalle una refracci\u00f3n reciente o una prescripci\u00f3n de gafas.&nbsp;<\/li>\n<li>Una luz de mano con cristal rojo&nbsp;<\/li>\n<li>L\u00e1mpara de hendidura&nbsp;<\/li>\n<li>Oftalmoscopio<\/li>\n<\/ol>\n<h3>Criterios y m\u00e9todos para evaluar la deficiencia visual central permanente<\/h3>\n<p>Nos aseguraremos de que la carta o superficie reflectante no est\u00e9 sucia ni descolorida. Una prueba de larga distancia estimular\u00e1 el infinito a 6 m (20 pies) o al menos a 4 m (13 pies 1 pulgada).<\/p>\n<p>Medimos la visi\u00f3n central y registramos la distancia con y sin gafas graduadas. El astigmatismo irregular debido a lesiones o enfermedades de la c\u00f3rnea puede mejorar la visi\u00f3n reducida mediante el uso de lentes de contacto. Sin embargo, las lentes de contacto son m\u00e9todos aceptables de correcci\u00f3n de la agudeza visual sin contraindicaciones.<\/p>\n<p>Registraremos la agudeza visual a distancia en notaci\u00f3n Snellen con una fracci\u00f3n. El numerador es igual a la distancia de ensayo en pies o metros. El denominador determina la longitud en la que el paciente puede leer la letra m\u00e1s peque\u00f1a con cinco minutos de arco. La notaci\u00f3n de fracci\u00f3n no implica porcentaje de agudeza visual.<\/p>\n<p>Utilice el siguiente procedimiento para determinar la p\u00e9rdida de visi\u00f3n central en un ojo.<\/p>\n<ol>\n<li>Medimos y registramos la mejor agudeza visual a distancia central con y sin gafas graduadas o lentes de contacto.&nbsp;<\/li>\n<li>Utilizamos la siguiente tabla para programar la p\u00e9rdida visual no corregida o corregida en un ojo lesionado, la que sea m\u00e1s significativa.<\/li>\n<\/ol>\n<p><strong>Tabla: P\u00e9rdida visual<\/strong><\/p>\n<h3>Campos visuales<\/h3>\n<p>Determinamos la extensi\u00f3n del campo visual utilizando un m\u00e9todo perim\u00e9trico y una diana blanca. Utilizando la cubeta Goldmann de 30 cm de radio, emplee el e-target III\/4 en el modo cin\u00e9tico.<\/p>\n<h3>Determinaci\u00f3n de la p\u00e9rdida de campo visual<\/h3>\n<p>Utilizamos los siguientes pasos para determinar la p\u00e9rdida de campo visual.<\/p>\n<ol>\n<li>Utilizaremos ocho meridianos principales de una carta de campo visual para trazar la extensi\u00f3n del campo visual.&nbsp;<\/li>\n<li>Evaluamos el calendario en funci\u00f3n del porcentaje de p\u00e9rdidas.<\/li>\n<\/ol>\n<p><strong>Figura: Ejemplo de gr\u00e1ficos perim\u00e9tricos<\/strong><\/p>\n<p>Utilizamos las cartas perim\u00e9tricas para trazar la extensi\u00f3n del campo visual en los ocho meridianos principales, separados por intervalos de 45 grados.<\/p>\n<p><strong>Tabla: P\u00e9rdida de campo visual<\/strong><\/p>\n<p>La suma de los ocho campos de radios principales asciende a 420, lo que equivale al 100% de la eficacia del campo visual industrial. A continuaci\u00f3n, calcularemos la p\u00e9rdida de campo visual sumando los ocho meridianos principales del campo perif\u00e9rico del paciente (x).<\/p>\n<p>x\/420 = % Eficacia (y)<br \/>\n100-y% = % P\u00e9rdida para programar el ojo<\/p>\n<h3>Determinaci\u00f3n del horario para la diplop\u00eda<\/h3>\n<p>Para determinar el horario de la diplop\u00eda, utilizamos la prueba del cristal rojo, trazamos la magnitud dentro de los 30 grados y calculamos utilizando la tabla siguiente. A continuaci\u00f3n, programaremos la p\u00e9rdida del ojo lesionado. Por \u00faltimo, combinaremos el porcentaje de p\u00e9rdida de diplop\u00eda con el programa de p\u00e9rdida de visi\u00f3n central y p\u00e9rdida de campo visual del ojo lesionado.<\/p>\n<p><strong>Tabla: Diplop\u00eda<\/strong><br \/>\nConsideraremos el uso de un campo de 30 grados.<\/p>\n<h2>P\u00e9rdida auditiva<\/h2>\n<p>Esperaremos al menos tres meses a partir de la fecha de la lesi\u00f3n o de la eliminaci\u00f3n de la exposici\u00f3n al ruido perjudicial (posiblemente mediante dispositivos de protecci\u00f3n) para que el paciente presente una reclamaci\u00f3n por p\u00e9rdida de audici\u00f3n relacionada con el trabajo. Consideraremos el \u00faltimo d\u00eda de los tres meses de baja de la fecha de invalidez del paciente.<\/p>\n<h2>P\u00e9rdida auditiva ocupacional<\/h2>\n<p>Medimos la capacidad auditiva del habla normal y utilizamos pruebas audiom\u00e9tricas de tonos a distintas intensidades sonoras realizadas a niveles de frecuencia de 500, 1000, 2000 y 3000 hercios (Hz).<\/p>\n<p>Haremos una media de los resultados de los cuatro niveles de frecuencia y determinaremos el umbral necesario para que el paciente oiga el sonido como m\u00e1ximo a 25 decibelios (dB), lo que equivale a la ausencia de p\u00e9rdida auditiva.<\/p>\n<p>Calcularemos la p\u00e9rdida auditiva por cada decibelio que un o\u00eddo supere los 25 dB al 1,5% y hasta el 100% a los 92 dB. Por lo tanto, el nivel de audici\u00f3n del paciente es de 41 dB. Tienen una p\u00e9rdida de audici\u00f3n del 24% en ese o\u00eddo.<\/p>\n<p>Multiplicaremos por cinco la p\u00e9rdida auditiva del o\u00eddo mayor del paciente y la sumaremos al porcentaje de p\u00e9rdida auditiva del o\u00eddo con audici\u00f3n reducida. A continuaci\u00f3n, dividiremos el total por seis para representar el porcentaje de p\u00e9rdida auditiva global del paciente para conceder las prestaciones.<\/p>\n<h2>P\u00e9rdida auditiva traum\u00e1tica<\/h2>\n<p>Un golpe fuerte en la cabeza y una fuerte r\u00e1faga de aire en el o\u00eddo pueden provocar una p\u00e9rdida de audici\u00f3n traum\u00e1tica.<\/p>\n<p>Utilizaremos un m\u00e9todo diferente para determinar el grado de p\u00e9rdida de audici\u00f3n debida a un traumatismo en lugar de a una enfermedad profesional.<\/p>\n<p>Utilizamos la escala de 250 ciclos por segundo (CPS) a 4000 CPS para medir el porcentaje de p\u00e9rdida auditiva.<\/p>\n<p>El calendario es de 150 semanas para la p\u00e9rdida auditiva completa en ambos o\u00eddos y de 60 semanas en cada o\u00eddo. En primer lugar, calculamos la p\u00e9rdida auditiva tomando el porcentaje de p\u00e9rdida de cada o\u00eddo, sum\u00e1ndolo y dividi\u00e9ndolo por dos.<\/p>\n<p>Por ejemplo:<\/p>\n<p>25% en el o\u00eddo derecho<br \/>\n40% en el o\u00eddo izquierdo<br \/>\n= 65% de p\u00e9rdida total<\/p>\n<p>Como resultado, dividiremos el 65% entre 2, lo que equivale al 321\u20442%.<\/p>\n<h2>Cicatrices y desfiguraciones faciales<\/h2>\n<ol>\n<li>Evaluamos las cicatrices y desfiguraciones faciales y cervicales permanentes al menos un a\u00f1o despu\u00e9s de la lesi\u00f3n o un a\u00f1o despu\u00e9s de la operaci\u00f3n.&nbsp;<\/li>\n<li>Limitar las cicatrices y la desfiguraci\u00f3n del cuello a la regi\u00f3n por encima de la clav\u00edcula.&nbsp;<\/li>\n<li>Utilizamos par\u00e1metros de descripci\u00f3n precisos, como la longitud, la anchura, el color, el contorno y la ubicaci\u00f3n exacta de la cicatriz y la desfiguraci\u00f3n.&nbsp;<\/li>\n<li>Utilizamos desfiguraciones espec\u00edficas del ojo, la oreja, la nariz y la boca.&nbsp;\n<ul>\n<li>Las desfiguraciones oculares t\u00edpicas incluyen cicatrices en la c\u00f3rnea, d\u00e9ficit del iris y posible p\u00e9rdida total del ojo con pr\u00f3tesis.&nbsp;<\/li>\n<li>Las desfiguraciones t\u00edpicas de la nariz incluyen la desviaci\u00f3n del tabique nasal, el agrandamiento y la p\u00e9rdida de tejido.&nbsp;<\/li>\n<li>Las desfiguraciones labiales t\u00edpicas incluyen la p\u00e9rdida de tejido blando, el agrandamiento y la alteraci\u00f3n est\u00e1ndar del contorno labial.&nbsp;<\/li>\n<li>Las desfiguraciones t\u00edpicas de las orejas incluyen la p\u00e9rdida de tejido y la alteraci\u00f3n del contorno de la oreja est\u00e1ndar.&nbsp;<\/li>\n<li>Consultar el informe odontol\u00f3gico del paciente si los dientes est\u00e1n da\u00f1ados.<\/li>\n<\/ul>\n<\/li>\n<\/ol>\n<p>Consulte la p\u00e1gina web de la Junta de Indemnizaci\u00f3n por Accidentes de Trabajo de su estado o hable con su abogado de Indemnizaci\u00f3n por Accidentes de Trabajo para obtener m\u00e1s informaci\u00f3n.<\/p>\n","protected":false},"excerpt":{"rendered":"<p>Utilizaremos estas directrices si ha sufrido una lesi\u00f3n laboral y tiene curiosidad por conocer el efecto de la \u00abp\u00e9rdida programada de uso (SLU)\u00bb en su sistema visual, auditivo, cicatriz facial o desfiguraci\u00f3n. Entonces, podr\u00eda tener derecho a una indemnizaci\u00f3n determinada por la normativa de la Junta de Indemnizaci\u00f3n por Accidentes de Trabajo. Nuestro informe SLU [&hellip;]<\/p>\n","protected":false},"author":15,"featured_media":0,"parent":16876,"menu_order":0,"comment_status":"closed","ping_status":"closed","template":"","meta":{"_et_pb_use_builder":"","_et_pb_old_content":"","_et_gb_content_width":"","footnotes":""},"class_list":["post-16885","page","type-page","status-publish","hentry"],"yoast_head":"<!-- This site is optimized with the Yoast SEO plugin v27.2 - https:\/\/yoast.com\/product\/yoast-seo-wordpress\/ -->\n<title>Sistema visual, sistema auditivo, cicatrices faciales y desfiguraci\u00f3n<\/title>\n<meta name=\"description\" content=\"Utilizaremos estas directrices si ha sufrido una lesi\u00f3n laboral y tiene curiosidad por conocer el efecto de la &quot;p\u00e9rdida programada de uso (SLU)&quot; en su\" \/>\n<meta name=\"robots\" content=\"index, follow, max-snippet:-1, max-image-preview:large, max-video-preview:-1\" \/>\n<link rel=\"canonical\" href=\"https:\/\/www.newyorkhipknee.com\/es\/indemnizacion-por-accidente-laboral\/perdida-de-uso-programada\/sistema-visual-sistema-auditivo-cicatrices-faciales-y-desfiguracion\/\" \/>\n<meta property=\"og:locale\" content=\"es_ES\" \/>\n<meta property=\"og:type\" content=\"article\" \/>\n<meta property=\"og:title\" content=\"Sistema visual, sistema auditivo, cicatrices faciales y desfiguraci\u00f3n\" \/>\n<meta property=\"og:description\" content=\"Utilizaremos estas directrices si ha sufrido una lesi\u00f3n laboral y tiene curiosidad por conocer el efecto de la &quot;p\u00e9rdida programada de uso (SLU)&quot; en su\" \/>\n<meta property=\"og:url\" content=\"https:\/\/www.newyorkhipknee.com\/es\/indemnizacion-por-accidente-laboral\/perdida-de-uso-programada\/sistema-visual-sistema-auditivo-cicatrices-faciales-y-desfiguracion\/\" \/>\n<meta property=\"og:site_name\" content=\"Best Hip &amp; Knee Surgeon | NY, USA\" \/>\n<meta name=\"twitter:card\" content=\"summary_large_image\" \/>\n<meta name=\"twitter:label1\" content=\"Tiempo de lectura\" \/>\n\t<meta name=\"twitter:data1\" content=\"7 minutos\" \/>\n<script type=\"application\/ld+json\" class=\"yoast-schema-graph\">{\"@context\":\"https:\/\/schema.org\",\"@graph\":[{\"@type\":[\"WebPage\",\"MedicalWebPage\"],\"@id\":\"https:\/\/www.newyorkhipknee.com\/es\/indemnizacion-por-accidente-laboral\/perdida-de-uso-programada\/sistema-visual-sistema-auditivo-cicatrices-faciales-y-desfiguracion\/\",\"url\":\"https:\/\/www.newyorkhipknee.com\/es\/indemnizacion-por-accidente-laboral\/perdida-de-uso-programada\/sistema-visual-sistema-auditivo-cicatrices-faciales-y-desfiguracion\/\",\"name\":\"Sistema visual, sistema auditivo, cicatrices faciales y desfiguraci\u00f3n\",\"isPartOf\":{\"@id\":\"https:\/\/www.newyorkhipknee.com\/es\/#website\"},\"datePublished\":\"2022-10-14T06:43:24+00:00\",\"description\":\"Utilizaremos estas directrices si ha sufrido una lesi\u00f3n laboral y tiene curiosidad por conocer el efecto de la \\\"p\u00e9rdida programada de uso (SLU)\\\" en su\",\"breadcrumb\":{\"@id\":\"https:\/\/www.newyorkhipknee.com\/es\/indemnizacion-por-accidente-laboral\/perdida-de-uso-programada\/sistema-visual-sistema-auditivo-cicatrices-faciales-y-desfiguracion\/#breadcrumb\"},\"inLanguage\":\"es\",\"potentialAction\":[{\"@type\":\"ReadAction\",\"target\":[\"https:\/\/www.newyorkhipknee.com\/es\/indemnizacion-por-accidente-laboral\/perdida-de-uso-programada\/sistema-visual-sistema-auditivo-cicatrices-faciales-y-desfiguracion\/\"]}]},{\"@type\":\"BreadcrumbList\",\"@id\":\"https:\/\/www.newyorkhipknee.com\/es\/indemnizacion-por-accidente-laboral\/perdida-de-uso-programada\/sistema-visual-sistema-auditivo-cicatrices-faciales-y-desfiguracion\/#breadcrumb\",\"itemListElement\":[{\"@type\":\"ListItem\",\"position\":1,\"name\":\"Home\",\"item\":\"https:\/\/www.newyorkhipknee.com\/es\/\"},{\"@type\":\"ListItem\",\"position\":2,\"name\":\"Indemnizaci\u00f3n por accidente laboral\",\"item\":\"https:\/\/www.newyorkhipknee.com\/es\/indemnizacion-por-accidente-laboral\/\"},{\"@type\":\"ListItem\",\"position\":3,\"name\":\"P\u00e9rdida de uso programada\",\"item\":\"https:\/\/www.newyorkhipknee.com\/es\/indemnizacion-por-accidente-laboral\/perdida-de-uso-programada\/\"},{\"@type\":\"ListItem\",\"position\":4,\"name\":\"Sistema visual, sistema auditivo, cicatrices faciales y desfiguraci\u00f3n\"}]},{\"@type\":\"WebSite\",\"@id\":\"https:\/\/www.newyorkhipknee.com\/es\/#website\",\"url\":\"https:\/\/www.newyorkhipknee.com\/es\/\",\"name\":\"Best Hip & Knee Surgeon | NY, USA\",\"description\":\"\",\"potentialAction\":[{\"@type\":\"SearchAction\",\"target\":{\"@type\":\"EntryPoint\",\"urlTemplate\":\"https:\/\/www.newyorkhipknee.com\/es\/?s={search_term_string}\"},\"query-input\":{\"@type\":\"PropertyValueSpecification\",\"valueRequired\":true,\"valueName\":\"search_term_string\"}}],\"inLanguage\":\"es\"}]}<\/script>\n<!-- \/ Yoast SEO plugin. -->","yoast_head_json":{"title":"Sistema visual, sistema auditivo, cicatrices faciales y desfiguraci\u00f3n","description":"Utilizaremos estas directrices si ha sufrido una lesi\u00f3n laboral y tiene curiosidad por conocer el efecto de la \"p\u00e9rdida programada de uso (SLU)\" en su","robots":{"index":"index","follow":"follow","max-snippet":"max-snippet:-1","max-image-preview":"max-image-preview:large","max-video-preview":"max-video-preview:-1"},"canonical":"https:\/\/www.newyorkhipknee.com\/es\/indemnizacion-por-accidente-laboral\/perdida-de-uso-programada\/sistema-visual-sistema-auditivo-cicatrices-faciales-y-desfiguracion\/","og_locale":"es_ES","og_type":"article","og_title":"Sistema visual, sistema auditivo, cicatrices faciales y desfiguraci\u00f3n","og_description":"Utilizaremos estas directrices si ha sufrido una lesi\u00f3n laboral y tiene curiosidad por conocer el efecto de la \"p\u00e9rdida programada de uso (SLU)\" en su","og_url":"https:\/\/www.newyorkhipknee.com\/es\/indemnizacion-por-accidente-laboral\/perdida-de-uso-programada\/sistema-visual-sistema-auditivo-cicatrices-faciales-y-desfiguracion\/","og_site_name":"Best Hip &amp; Knee Surgeon | NY, USA","twitter_card":"summary_large_image","twitter_misc":{"Tiempo de lectura":"7 minutos"},"schema":{"@context":"https:\/\/schema.org","@graph":[{"@type":["WebPage","MedicalWebPage"],"@id":"https:\/\/www.newyorkhipknee.com\/es\/indemnizacion-por-accidente-laboral\/perdida-de-uso-programada\/sistema-visual-sistema-auditivo-cicatrices-faciales-y-desfiguracion\/","url":"https:\/\/www.newyorkhipknee.com\/es\/indemnizacion-por-accidente-laboral\/perdida-de-uso-programada\/sistema-visual-sistema-auditivo-cicatrices-faciales-y-desfiguracion\/","name":"Sistema visual, sistema auditivo, cicatrices faciales y desfiguraci\u00f3n","isPartOf":{"@id":"https:\/\/www.newyorkhipknee.com\/es\/#website"},"datePublished":"2022-10-14T06:43:24+00:00","description":"Utilizaremos estas directrices si ha sufrido una lesi\u00f3n laboral y tiene curiosidad por conocer el efecto de la \"p\u00e9rdida programada de uso (SLU)\" en su","breadcrumb":{"@id":"https:\/\/www.newyorkhipknee.com\/es\/indemnizacion-por-accidente-laboral\/perdida-de-uso-programada\/sistema-visual-sistema-auditivo-cicatrices-faciales-y-desfiguracion\/#breadcrumb"},"inLanguage":"es","potentialAction":[{"@type":"ReadAction","target":["https:\/\/www.newyorkhipknee.com\/es\/indemnizacion-por-accidente-laboral\/perdida-de-uso-programada\/sistema-visual-sistema-auditivo-cicatrices-faciales-y-desfiguracion\/"]}]},{"@type":"BreadcrumbList","@id":"https:\/\/www.newyorkhipknee.com\/es\/indemnizacion-por-accidente-laboral\/perdida-de-uso-programada\/sistema-visual-sistema-auditivo-cicatrices-faciales-y-desfiguracion\/#breadcrumb","itemListElement":[{"@type":"ListItem","position":1,"name":"Home","item":"https:\/\/www.newyorkhipknee.com\/es\/"},{"@type":"ListItem","position":2,"name":"Indemnizaci\u00f3n por accidente laboral","item":"https:\/\/www.newyorkhipknee.com\/es\/indemnizacion-por-accidente-laboral\/"},{"@type":"ListItem","position":3,"name":"P\u00e9rdida de uso programada","item":"https:\/\/www.newyorkhipknee.com\/es\/indemnizacion-por-accidente-laboral\/perdida-de-uso-programada\/"},{"@type":"ListItem","position":4,"name":"Sistema visual, sistema auditivo, cicatrices faciales y desfiguraci\u00f3n"}]},{"@type":"WebSite","@id":"https:\/\/www.newyorkhipknee.com\/es\/#website","url":"https:\/\/www.newyorkhipknee.com\/es\/","name":"Best Hip & Knee Surgeon | NY, USA","description":"","potentialAction":[{"@type":"SearchAction","target":{"@type":"EntryPoint","urlTemplate":"https:\/\/www.newyorkhipknee.com\/es\/?s={search_term_string}"},"query-input":{"@type":"PropertyValueSpecification","valueRequired":true,"valueName":"search_term_string"}}],"inLanguage":"es"}]}},"_links":{"self":[{"href":"https:\/\/www.newyorkhipknee.com\/es\/wp-json\/wp\/v2\/pages\/16885","targetHints":{"allow":["GET"]}}],"collection":[{"href":"https:\/\/www.newyorkhipknee.com\/es\/wp-json\/wp\/v2\/pages"}],"about":[{"href":"https:\/\/www.newyorkhipknee.com\/es\/wp-json\/wp\/v2\/types\/page"}],"author":[{"embeddable":true,"href":"https:\/\/www.newyorkhipknee.com\/es\/wp-json\/wp\/v2\/users\/15"}],"replies":[{"embeddable":true,"href":"https:\/\/www.newyorkhipknee.com\/es\/wp-json\/wp\/v2\/comments?post=16885"}],"version-history":[{"count":0,"href":"https:\/\/www.newyorkhipknee.com\/es\/wp-json\/wp\/v2\/pages\/16885\/revisions"}],"up":[{"embeddable":true,"href":"https:\/\/www.newyorkhipknee.com\/es\/wp-json\/wp\/v2\/pages\/16876"}],"wp:attachment":[{"href":"https:\/\/www.newyorkhipknee.com\/es\/wp-json\/wp\/v2\/media?parent=16885"}],"curies":[{"name":"wp","href":"https:\/\/api.w.org\/{rel}","templated":true}]}}