{"id":22330,"date":"2024-01-03T13:22:58","date_gmt":"2024-01-03T18:22:58","guid":{"rendered":"https:\/\/newyorkhipknee.com\/indemnizacion-por-accidente-laboral\/directrices-de-tratamiento-medico-mtg\/lesion-en-el-cuello\/"},"modified":"2024-01-30T11:57:27","modified_gmt":"2024-01-30T16:57:27","slug":"lesion-en-el-cuello","status":"publish","type":"page","link":"https:\/\/www.newyorkhipknee.com\/es\/indemnizacion-por-accidente-laboral\/directrices-de-tratamiento-medico-mtg\/lesion-en-el-cuello\/","title":{"rendered":"Pautas de tratamiento m\u00e9dico del Estado de Nueva York para lesiones cervicales en pacientes con indemnizaci\u00f3n por accidente laboral"},"content":{"rendered":"<p>Las directrices proporcionadas por la Junta de Indemnizaci\u00f3n por Accidentes de Trabajo del Estado de Nueva York est\u00e1n dise\u00f1adas para ayudar a los profesionales sanitarios a tratar a las personas con lesiones cervicales. El objetivo de estas directrices es ayudar a los m\u00e9dicos y profesionales sanitarios a determinar el tratamiento y los cuidados adecuados para las personas con problemas de salud relacionados con el cuello.<\/p>\n<p>Los profesionales sanitarios especializados en lesiones cervicales pueden confiar en la orientaci\u00f3n proporcionada por la Junta de Indemnizaci\u00f3n por Accidentes de Trabajo para tomar decisiones bien informadas sobre los enfoques m\u00e1s adecuados para sus pacientes.<\/p>\n<p>Es fundamental subrayar que estas directrices no pretenden sustituir al juicio cl\u00ednico ni a la experiencia profesional. La decisi\u00f3n final sobre el tratamiento de las lesiones cervicales debe ser fruto de la colaboraci\u00f3n entre el paciente y su profesional sanitario.<\/p>\n<h2>Anamnesis y exploraci\u00f3n f\u00edsica<\/h2>\n<p>La recopilaci\u00f3n de los antecedentes del paciente y la realizaci\u00f3n de una exploraci\u00f3n f\u00edsica sientan las bases para decidir lo que sigue en t\u00e9rminos de diagn\u00f3stico y tratamiento. Si hay discrepancia entre los resultados de las evaluaciones cl\u00ednicas y otros procedimientos diagn\u00f3sticos, debe darse m\u00e1s importancia a los hallazgos cl\u00ednicos objetivos. Los historiales m\u00e9dicos deben detallar adecuadamente lo siguiente:<\/p>\n<p>&nbsp;<\/p>\n<h3>Antecedentes de lesiones actuales<\/h3>\n<p>&nbsp;<\/p>\n<p>A la hora de evaluar y tratar una lesi\u00f3n, es fundamental recopilar un historial detallado, idealmente tomado cerca del momento del incidente. Este historial debe abarcar varios aspectos, entre ellos<\/p>\n<ul>\n<li><strong>Mecanismo de la lesi\u00f3n:<\/strong> Detalles sobre c\u00f3mo empezaron y evolucionaron los s\u00edntomas, ofreciendo un relato minucioso del incidente y de la posici\u00f3n del cuerpo a lo largo del mismo.<\/li>\n<li><strong>Localizaci\u00f3n del dolor y naturaleza de los s\u00edntomas:<\/strong> Entender d\u00f3nde duele, la naturaleza de los s\u00edntomas y los factores que los empeoran o alivian, como posiciones espec\u00edficas para dormir. Cabe destacar si levantar el brazo por encima de la cabeza proporciona alivio de los s\u00edntomas de tipo radicular. El historial debe incluir molestias primarias y secundarias, como dolor de cuello, dolor de brazos, cefaleas y problemas en la cintura escapular.<\/li>\n<li><strong>Herramienta de evaluaci\u00f3n del dolor:<\/strong> El uso de una herramienta reconocida como la Escala Visual Anal\u00f3gica (EVA) es muy recomendable, especialmente en las dos semanas iniciales tras la lesi\u00f3n. De este modo se garantiza un enfoque integral para abordar todos los s\u00edntomas relacionados con el trabajo, incluido el dolor.<\/li>\n<li><strong>Presencia y distribuci\u00f3n de los s\u00edntomas:<\/strong> Es crucial comprobar si hay entumecimiento, hormigueo o debilidad en las extremidades superiores y\/o inferiores, especialmente si estos s\u00edntomas se desencadenan o intensifican con acciones como toser o estornudar.<\/li>\n<li><strong>Cambios en la funci\u00f3n intestinal, vesical o sexual:<\/strong> Debe anotarse cualquier alteraci\u00f3n en estas funciones.<\/li>\n<li><strong>P\u00e9rdida o deterioro de la motricidad fina:<\/strong> La dificultad para manipular objetos peque\u00f1os o experimentar una disminuci\u00f3n de la motricidad fina es un aspecto importante a explorar.<\/li>\n<li><strong>Lesiones anteriores en la misma zona:<\/strong> Explicaci\u00f3n de cualquier lesi\u00f3n laboral o no laboral previa en la misma zona, incluidos los tratamientos recibidos, antecedentes de accidentes de tr\u00e1fico, s\u00edntomas cr\u00f3nicos, problemas recurrentes y cualquier limitaci\u00f3n funcional existente. La revisi\u00f3n de estudios anteriores de imagen de la columna vertebral tambi\u00e9n es crucial.<\/li>\n<li><strong>Reacciones emocionales y\/o psicol\u00f3gicas:<\/strong> Un historial exhaustivo debe incluir cualquier respuesta emocional o psicol\u00f3gica a la lesi\u00f3n o enfermedad actual.<\/li>\n<li><strong>Capacidad para realizar tareas laborales y actividades cotidianas:<\/strong> Evaluar en qu\u00e9 medida la persona puede desempe\u00f1ar sus responsabilidades laborales y realizar las actividades cotidianas es fundamental para comprender el impacto de la lesi\u00f3n.<\/li>\n<\/ul>\n<p>&nbsp;<\/p>\n<p>&nbsp;<\/p>\n<h3>Historia pasada<\/h3>\n<p>Para tener una visi\u00f3n completa, es crucial sumergirse en:<\/p>\n<ul>\n<li><strong>Historial m\u00e9dico y quir\u00fargico exhaustivo:<\/strong> Conocer los antecedentes m\u00e9dicos y quir\u00fargicos del paciente proporciona un contexto valioso.<\/li>\n<li><strong>Revisi\u00f3n de los sistemas:<\/strong> Una exploraci\u00f3n sistem\u00e1tica de varios sistemas corporales, incluyendo s\u00edntomas constitucionales, ojos, o\u00eddos, nariz, boca, garganta, cardiovascular, respiratorio, gastrointestinal, genitourinario, musculoesquel\u00e9tico, integumentario\/mamario, neurol\u00f3gico, psiqui\u00e1trico, endocrino, hematol\u00f3gico\/linf\u00e1tico y al\u00e9rgico\/inmunol\u00f3gico. La profundidad y el enfoque pueden adaptarse caso por caso en funci\u00f3n de la afecci\u00f3n espec\u00edfica considerada y del juicio cl\u00ednico.<\/li>\n<li><strong>Historial de tabaquismo:<\/strong> Indagaci\u00f3n sobre los antecedentes de tabaquismo del paciente.<\/li>\n<li><strong>Actividades profesionales y recreativas:<\/strong> Comprensi\u00f3n de las actividades laborales y recreativas del paciente.<\/li>\n<li><strong>Antecedentes de depresi\u00f3n, ansiedad o enfermedad psiqui\u00e1trica:<\/strong> Explorar cualquier experiencia previa con problemas de salud mental.<\/li>\n<li><strong>Historial de lesiones cervicales o lesiones en las extremidades superiores:<\/strong> Investigar cualquier incidente pasado que afecte a la regi\u00f3n cervical, el hombro, el brazo, el antebrazo o la mu\u00f1eca\/mano.<\/li>\n<li><strong>Antecedentes de problemas de plexo braquial o nervios perif\u00e9ricos:<\/strong> Identificar cualquier antecedente de lesi\u00f3n o enfermedad que afecte al plexo braquial o a los nervios perif\u00e9ricos de la extremidad superior.<\/li>\n<li><strong>Dificultad para caminar o p\u00e9rdida de equilibrio:<\/strong> Evaluar cualquier dificultad para caminar o problemas de equilibrio.<\/li>\n<\/ul>\n<p>&nbsp;<\/p>\n<h3>Examen f\u00edsico<\/h3>\n<p>El examen debe abarcar pruebas y t\u00e9cnicas reconocidas pertinentes para el \u00e1rea objeto de examen, que incluyan:<\/p>\n<ul>\n<li><strong>Inspecci\u00f3n visual, incluida la postura:<\/strong> Una evaluaci\u00f3n visual exhaustiva, teniendo en cuenta la postura.<\/li>\n<li><strong>Amplitud de movimiento cervical:<\/strong> Evaluar la amplitud y la calidad del movimiento en la regi\u00f3n cervical, tomando nota de los espasmos musculares. Pueden ser necesarias evaluaciones espec\u00edficas del movimiento articular. Sin embargo, en casos de traumatismo agudo, la evaluaci\u00f3n de la amplitud de movimiento debe aplazarse hasta descartar fracturas e inestabilidad.<\/li>\n<li><strong>Examen de la columna cervical:<\/strong> Incluye un examen de la articulaci\u00f3n atlanto-occipital, considerando la mirada hacia arriba y hacia abajo.<\/li>\n<li><strong>Palpaci\u00f3n:<\/strong> Palpaci\u00f3n de ap\u00f3fisis espinosas, facetas y m\u00fasculos para identificar tensi\u00f3n miofascial, sensibilidad y puntos gatillo.<\/li>\n<li><strong>Exploraci\u00f3n motora y sensorial:<\/strong> Evaluaci\u00f3n de los grupos musculares superiores centr\u00e1ndose en ra\u00edces nerviosas espec\u00edficas, junto con pruebas de sensibilidad al tacto leve, al pinchazo, a la temperatura, a la posici\u00f3n y a la vibraci\u00f3n. Una diferencia de m\u00e1s de 2 cm en las medidas circunferenciales entre las dos extremidades superiores puede sugerir un desgaste muscular cr\u00f3nico.<\/li>\n<li><strong>Reflejos tendinosos profundos:<\/strong> Evaluar los reflejos, donde la asimetr\u00eda puede indicar patolog\u00eda. Los reflejos invertidos, como la flexi\u00f3n del brazo o el golpeteo del tr\u00edceps, podr\u00edan indicar problemas de la ra\u00edz nerviosa o la m\u00e9dula espinal en el nivel examinado. Tambi\u00e9n deben tenerse en cuenta los reflejos patol\u00f3gicos, incluidos el clonus de las extremidades superiores y\/o inferiores, el reflejo de prensi\u00f3n, la respuesta de Babinski y el signo de Hoffman.<\/li>\n<\/ul>\n<p>&nbsp;<\/p>\n<h2>Relaci\u00f3n con el trabajo<\/h2>\n<p>Se trata de evaluar la probabilidad de que la enfermedad o lesi\u00f3n est\u00e9 relacionada con el trabajo. Si se necesitan detalles adicionales para establecer esta conexi\u00f3n relacionada con el trabajo, el m\u00e9dico debe especificar expl\u00edcitamente los estudios diagn\u00f3sticos adicionales necesarios o la informaci\u00f3n relacionada con el trabajo.<\/p>\n<p>&nbsp;<\/p>\n<h3>Evaluaci\u00f3n de la m\u00e9dula espinal<\/h3>\n<p>En situaciones en las que el mecanismo de lesi\u00f3n, el historial o la presentaci\u00f3n cl\u00ednica sugieran una posible lesi\u00f3n grave, se justifica una evaluaci\u00f3n adicional. Un examen neurol\u00f3gico completo para detectar una posible lesi\u00f3n medular puede abarcar:<\/p>\n<ul>\n<li><strong>Tacto agudo y ligero, presi\u00f3n profunda, temperatura y funci\u00f3n sensorial propioceptiva<\/strong><\/li>\n<li><strong>Pruebas de resistencia<\/strong><\/li>\n<li><strong>Evaluaci\u00f3n del tono del esf\u00ednter anal y\/o de la sensaci\u00f3n perianal<\/strong><\/li>\n<li><strong>Evaluaci\u00f3n de la presencia de reflejos patol\u00f3gicos en las extremidades superiores e inferiores<\/strong><\/li>\n<li><strong>Identificaci\u00f3n de pruebas indicativas de un s\u00edndrome de lesi\u00f3n medular incompleta:<\/strong>\n<ul>\n<li><strong>S\u00edndrome del cord\u00f3n anterior:<\/strong> Este s\u00edndrome se manifiesta como la p\u00e9rdida de la funci\u00f3n motora y de la percepci\u00f3n del dolor y la temperatura por debajo del nivel de la lesi\u00f3n, mientras que el tacto, la vibraci\u00f3n y la propiocepci\u00f3n permanecen intactos. T\u00edpicamente observada tras una lesi\u00f3n significativa por compresi\u00f3n o flexi\u00f3n, la TC o RM emergente es esencial para identificar una lesi\u00f3n compresiva potencialmente reversible que requiera una intervenci\u00f3n quir\u00fargica inmediata. El pron\u00f3stico de recuperaci\u00f3n se considera el m\u00e1s dif\u00edcil entre los s\u00edndromes incompletos.<\/li>\n<li><strong>S\u00edndrome de Brown-Sequard:<\/strong> Se caracteriza por debilidad motora ipsilateral y alteraciones propioceptivas, unidas a alteraciones contralaterales en la percepci\u00f3n del dolor y la temperatura.<\/li>\n<\/ul>\n<\/li>\n<\/ul>\n<p>El s\u00edndrome de Brown-Sequard se identifica por debilidad motora ipsilateral y alteraciones propioceptivas, junto con alteraciones contralaterales en la percepci\u00f3n del dolor y la temperatura por debajo del nivel de la lesi\u00f3n. Esta manifestaci\u00f3n suele asociarse a traumatismos penetrantes o fracturas masivas laterales. Aunque la cirug\u00eda no es espec\u00edficamente obligatoria, puede considerarse el desbridamiento de una herida abierta.<\/p>\n<p>El s\u00edndrome del cord\u00f3n central se caracteriza por alteraciones sensoriales y motoras que afectan a todas las extremidades, siendo las superiores a menudo m\u00e1s afectadas que las inferiores. Adem\u00e1s, se produce una p\u00e9rdida de la funci\u00f3n intestinal y vesical, mientras que la sensibilidad perianal permanece intacta. Este s\u00edndrome suele observarse en pacientes de edad avanzada con estenosis espinal y una columna r\u00edgida tras lesiones por hiperextensi\u00f3n. Por lo general, no se considera necesaria la intervenci\u00f3n quir\u00fargica.<\/p>\n<p>El s\u00edndrome de la m\u00e9dula posterior, una enfermedad poco frecuente, se caracteriza por la p\u00e9rdida de sensibilidad por debajo del nivel de la lesi\u00f3n, pero conserva intacta la funci\u00f3n motora.<\/p>\n<p>&nbsp;<\/p>\n<p>&nbsp;<\/p>\n<p><img loading=\"lazy\" decoding=\"async\" class=\"alignnone size-full wp-image-21358\" title=\"Captura de pantalla 2024-01-02 122524\" src=\"https:\/\/newyorkhipknee.com\/wp-content\/uploads\/2024\/01\/Screenshot-2024-01-02-122524.png\" alt=\"\" width=\"655\" height=\"412\" srcset=\"https:\/\/newyorkhipknee.com\/wp-content\/uploads\/2024\/01\/Screenshot-2024-01-02-122524.png 655w, https:\/\/newyorkhipknee.com\/wp-content\/uploads\/2024\/01\/Screenshot-2024-01-02-122524-480x302.png 480w\" sizes=\"(min-width: 0px) and (max-width: 480px) 480px, (min-width: 481px) 655px, 100vw\" \/><\/p>\n<p>&nbsp;<\/p>\n<p><img loading=\"lazy\" decoding=\"async\" class=\"alignnone size-full wp-image-21355\" title=\"Captura de pantalla 2024-01-02 122603\" src=\"https:\/\/newyorkhipknee.com\/wp-content\/uploads\/2024\/01\/Screenshot-2024-01-02-122603.png\" alt=\"\" width=\"779\" height=\"466\" srcset=\"https:\/\/newyorkhipknee.com\/wp-content\/uploads\/2024\/01\/Screenshot-2024-01-02-122603.png 779w, https:\/\/newyorkhipknee.com\/wp-content\/uploads\/2024\/01\/Screenshot-2024-01-02-122603-480x287.png 480w\" sizes=\"(min-width: 0px) and (max-width: 480px) 480px, (min-width: 481px) 779px, 100vw\" \/><\/p>\n<p>&nbsp;<\/p>\n<h3>Evaluaci\u00f3n de lesiones de tejidos blandos<\/h3>\n<p>Las lesiones de tejidos blandos engloban los traumatismos de m\u00fasculos, ligamentos, tendones y tejido conjuntivo. La causa predominante suele ser la hiperextensi\u00f3n y\/o hiperflexi\u00f3n bruscas del cuello. Tambi\u00e9n pueden producirse s\u00edndromes de aceleraci\u00f3n\/desaceleraci\u00f3n en el plano lateral. En particular, una verdadera distensi\u00f3n cervical aislada no se manifiesta con s\u00edntomas neurol\u00f3gicos focales. Las lesiones de tejidos blandos comprenden afecciones como la distensi\u00f3n cervical, los s\u00edndromes miofasciales y las disfunciones som\u00e1ticas. La Clasificaci\u00f3n de Quebec de los trastornos asociados al latigazo cervical proporciona un marco para clasificar las lesiones cervicales leves y m\u00e1s graves:<\/p>\n<ul>\n<li>Grado I: molestias cervicales que s\u00f3lo implican dolor, rigidez o sensibilidad, sin signos f\u00edsicos. La lesi\u00f3n no es lo suficientemente grave como para inducir un espasmo muscular. Algunos ejemplos son las lesiones por latigazo cervical, los esguinces cervicales leves o las distensiones.<\/li>\n<li>Grado II: molestias cervicales acompa\u00f1adas de signos musculoesquel\u00e9ticos, como limitaci\u00f3n de la amplitud de movimiento. Este grado abarca los espasmos musculares relacionados con lesiones de tejidos blandos, latigazo cervical, esguince cervical y cervicalgia con cefaleas, as\u00ed como esguinces de las articulaciones facetarias cervicales y de los ligamentos.<\/li>\n<li>Grado III: molestias cervicales, incluida la limitaci\u00f3n de la amplitud de movimiento, combinadas con signos neurol\u00f3gicos. Las afecciones incluidas en este grado son el latigazo cervical, la cervicobraquialgia, la hernia discal y la cervicalgia con cefalea.<\/li>\n<li>Grado IV: Molestias en el cuello que implican una fractura o una luxaci\u00f3n.<\/li>\n<\/ul>\n","protected":false},"excerpt":{"rendered":"<p>Las directrices proporcionadas por la Junta de Indemnizaci\u00f3n por Accidentes de Trabajo del Estado de Nueva York est\u00e1n dise\u00f1adas para ayudar a los profesionales sanitarios a tratar a las personas con lesiones cervicales. El objetivo de estas directrices es ayudar a los m\u00e9dicos y profesionales sanitarios a determinar el tratamiento y los cuidados adecuados para [&hellip;]<\/p>\n","protected":false},"author":33,"featured_media":0,"parent":21276,"menu_order":0,"comment_status":"closed","ping_status":"closed","template":"","meta":{"_et_pb_use_builder":"","_et_pb_old_content":"","_et_gb_content_width":"","footnotes":""},"class_list":["post-22330","page","type-page","status-publish","hentry"],"yoast_head":"<!-- This site is optimized with the Yoast SEO plugin v27.2 - https:\/\/yoast.com\/product\/yoast-seo-wordpress\/ -->\n<title>Pautas de tratamiento m\u00e9dico del Estado de Nueva York para lesiones cervicales en pacientes con indemnizaci\u00f3n por accidente laboral | Best Hip &amp; Knee Surgeon | NY, USA<\/title>\n<meta name=\"description\" content=\"Las directrices proporcionadas por la Junta de Indemnizaci\u00f3n por Accidentes de Trabajo del Estado de Nueva York est\u00e1n dise\u00f1adas para ayudar a los\" \/>\n<meta name=\"robots\" content=\"index, follow, max-snippet:-1, max-image-preview:large, max-video-preview:-1\" \/>\n<link rel=\"canonical\" href=\"https:\/\/www.newyorkhipknee.com\/es\/indemnizacion-por-accidente-laboral\/directrices-de-tratamiento-medico-mtg\/lesion-en-el-cuello\/\" \/>\n<meta property=\"og:locale\" content=\"es_ES\" \/>\n<meta property=\"og:type\" content=\"article\" \/>\n<meta property=\"og:title\" content=\"Pautas de tratamiento m\u00e9dico del Estado de Nueva York para lesiones cervicales en pacientes con indemnizaci\u00f3n por accidente laboral | Best Hip &amp; Knee Surgeon | NY, USA\" \/>\n<meta property=\"og:description\" content=\"Las directrices proporcionadas por la Junta de Indemnizaci\u00f3n por Accidentes de Trabajo del Estado de Nueva York est\u00e1n dise\u00f1adas para ayudar a los\" \/>\n<meta property=\"og:url\" content=\"https:\/\/www.newyorkhipknee.com\/es\/indemnizacion-por-accidente-laboral\/directrices-de-tratamiento-medico-mtg\/lesion-en-el-cuello\/\" \/>\n<meta property=\"og:site_name\" content=\"Best Hip &amp; Knee Surgeon | NY, USA\" \/>\n<meta property=\"article:modified_time\" content=\"2024-01-30T16:57:27+00:00\" \/>\n<meta property=\"og:image\" content=\"https:\/\/newyorkhipknee.com\/wp-content\/uploads\/2024\/01\/Screenshot-2024-01-02-122524.png\" \/>\n<meta name=\"twitter:card\" content=\"summary_large_image\" \/>\n<meta name=\"twitter:label1\" content=\"Tiempo de lectura\" \/>\n\t<meta name=\"twitter:data1\" content=\"9 minutos\" \/>\n<script type=\"application\/ld+json\" class=\"yoast-schema-graph\">{\"@context\":\"https:\/\/schema.org\",\"@graph\":[{\"@type\":[\"WebPage\",\"MedicalWebPage\"],\"@id\":\"https:\/\/www.newyorkhipknee.com\/es\/indemnizacion-por-accidente-laboral\/directrices-de-tratamiento-medico-mtg\/lesion-en-el-cuello\/\",\"url\":\"https:\/\/www.newyorkhipknee.com\/es\/indemnizacion-por-accidente-laboral\/directrices-de-tratamiento-medico-mtg\/lesion-en-el-cuello\/\",\"name\":\"Pautas de tratamiento m\u00e9dico del Estado de Nueva York para lesiones cervicales en pacientes con indemnizaci\u00f3n por accidente laboral | Best Hip &amp; Knee Surgeon | NY, USA\",\"isPartOf\":{\"@id\":\"https:\/\/www.newyorkhipknee.com\/es\/#website\"},\"primaryImageOfPage\":{\"@id\":\"https:\/\/www.newyorkhipknee.com\/es\/indemnizacion-por-accidente-laboral\/directrices-de-tratamiento-medico-mtg\/lesion-en-el-cuello\/#primaryimage\"},\"image\":{\"@id\":\"https:\/\/www.newyorkhipknee.com\/es\/indemnizacion-por-accidente-laboral\/directrices-de-tratamiento-medico-mtg\/lesion-en-el-cuello\/#primaryimage\"},\"thumbnailUrl\":\"https:\/\/newyorkhipknee.com\/wp-content\/uploads\/2024\/01\/Screenshot-2024-01-02-122524.png\",\"datePublished\":\"2024-01-03T18:22:58+00:00\",\"dateModified\":\"2024-01-30T16:57:27+00:00\",\"description\":\"Las directrices proporcionadas por la Junta de Indemnizaci\u00f3n por Accidentes de Trabajo del Estado de Nueva York est\u00e1n dise\u00f1adas para ayudar a los\",\"breadcrumb\":{\"@id\":\"https:\/\/www.newyorkhipknee.com\/es\/indemnizacion-por-accidente-laboral\/directrices-de-tratamiento-medico-mtg\/lesion-en-el-cuello\/#breadcrumb\"},\"inLanguage\":\"es\",\"potentialAction\":[{\"@type\":\"ReadAction\",\"target\":[\"https:\/\/www.newyorkhipknee.com\/es\/indemnizacion-por-accidente-laboral\/directrices-de-tratamiento-medico-mtg\/lesion-en-el-cuello\/\"]}]},{\"@type\":\"ImageObject\",\"inLanguage\":\"es\",\"@id\":\"https:\/\/www.newyorkhipknee.com\/es\/indemnizacion-por-accidente-laboral\/directrices-de-tratamiento-medico-mtg\/lesion-en-el-cuello\/#primaryimage\",\"url\":\"https:\/\/newyorkhipknee.com\/wp-content\/uploads\/2024\/01\/Screenshot-2024-01-02-122524.png\",\"contentUrl\":\"https:\/\/newyorkhipknee.com\/wp-content\/uploads\/2024\/01\/Screenshot-2024-01-02-122524.png\"},{\"@type\":\"BreadcrumbList\",\"@id\":\"https:\/\/www.newyorkhipknee.com\/es\/indemnizacion-por-accidente-laboral\/directrices-de-tratamiento-medico-mtg\/lesion-en-el-cuello\/#breadcrumb\",\"itemListElement\":[{\"@type\":\"ListItem\",\"position\":1,\"name\":\"Home\",\"item\":\"https:\/\/www.newyorkhipknee.com\/es\/\"},{\"@type\":\"ListItem\",\"position\":2,\"name\":\"Indemnizaci\u00f3n por accidente laboral\",\"item\":\"https:\/\/www.newyorkhipknee.com\/es\/indemnizacion-por-accidente-laboral\/\"},{\"@type\":\"ListItem\",\"position\":3,\"name\":\"Directrices de tratamiento m\u00e9dico (MTG)\",\"item\":\"https:\/\/www.newyorkhipknee.com\/es\/indemnizacion-por-accidente-laboral\/directrices-de-tratamiento-medico-mtg\/\"},{\"@type\":\"ListItem\",\"position\":4,\"name\":\"Pautas de tratamiento m\u00e9dico del Estado de Nueva York para lesiones cervicales en pacientes con indemnizaci\u00f3n por accidente laboral\"}]},{\"@type\":\"WebSite\",\"@id\":\"https:\/\/www.newyorkhipknee.com\/es\/#website\",\"url\":\"https:\/\/www.newyorkhipknee.com\/es\/\",\"name\":\"Best Hip & Knee Surgeon | NY, USA\",\"description\":\"\",\"potentialAction\":[{\"@type\":\"SearchAction\",\"target\":{\"@type\":\"EntryPoint\",\"urlTemplate\":\"https:\/\/www.newyorkhipknee.com\/es\/?s={search_term_string}\"},\"query-input\":{\"@type\":\"PropertyValueSpecification\",\"valueRequired\":true,\"valueName\":\"search_term_string\"}}],\"inLanguage\":\"es\"}]}<\/script>\n<!-- \/ Yoast SEO plugin. -->","yoast_head_json":{"title":"Pautas de tratamiento m\u00e9dico del Estado de Nueva York para lesiones cervicales en pacientes con indemnizaci\u00f3n por accidente laboral | Best Hip &amp; Knee Surgeon | NY, USA","description":"Las directrices proporcionadas por la Junta de Indemnizaci\u00f3n por Accidentes de Trabajo del Estado de Nueva York est\u00e1n dise\u00f1adas para ayudar a los","robots":{"index":"index","follow":"follow","max-snippet":"max-snippet:-1","max-image-preview":"max-image-preview:large","max-video-preview":"max-video-preview:-1"},"canonical":"https:\/\/www.newyorkhipknee.com\/es\/indemnizacion-por-accidente-laboral\/directrices-de-tratamiento-medico-mtg\/lesion-en-el-cuello\/","og_locale":"es_ES","og_type":"article","og_title":"Pautas de tratamiento m\u00e9dico del Estado de Nueva York para lesiones cervicales en pacientes con indemnizaci\u00f3n por accidente laboral | Best Hip &amp; Knee Surgeon | NY, USA","og_description":"Las directrices proporcionadas por la Junta de Indemnizaci\u00f3n por Accidentes de Trabajo del Estado de Nueva York est\u00e1n dise\u00f1adas para ayudar a los","og_url":"https:\/\/www.newyorkhipknee.com\/es\/indemnizacion-por-accidente-laboral\/directrices-de-tratamiento-medico-mtg\/lesion-en-el-cuello\/","og_site_name":"Best Hip &amp; Knee Surgeon | NY, USA","article_modified_time":"2024-01-30T16:57:27+00:00","og_image":[{"url":"https:\/\/newyorkhipknee.com\/wp-content\/uploads\/2024\/01\/Screenshot-2024-01-02-122524.png","type":"","width":"","height":""}],"twitter_card":"summary_large_image","twitter_misc":{"Tiempo de lectura":"9 minutos"},"schema":{"@context":"https:\/\/schema.org","@graph":[{"@type":["WebPage","MedicalWebPage"],"@id":"https:\/\/www.newyorkhipknee.com\/es\/indemnizacion-por-accidente-laboral\/directrices-de-tratamiento-medico-mtg\/lesion-en-el-cuello\/","url":"https:\/\/www.newyorkhipknee.com\/es\/indemnizacion-por-accidente-laboral\/directrices-de-tratamiento-medico-mtg\/lesion-en-el-cuello\/","name":"Pautas de tratamiento m\u00e9dico del Estado de Nueva York para lesiones cervicales en pacientes con indemnizaci\u00f3n por accidente laboral | Best Hip &amp; Knee Surgeon | NY, USA","isPartOf":{"@id":"https:\/\/www.newyorkhipknee.com\/es\/#website"},"primaryImageOfPage":{"@id":"https:\/\/www.newyorkhipknee.com\/es\/indemnizacion-por-accidente-laboral\/directrices-de-tratamiento-medico-mtg\/lesion-en-el-cuello\/#primaryimage"},"image":{"@id":"https:\/\/www.newyorkhipknee.com\/es\/indemnizacion-por-accidente-laboral\/directrices-de-tratamiento-medico-mtg\/lesion-en-el-cuello\/#primaryimage"},"thumbnailUrl":"https:\/\/newyorkhipknee.com\/wp-content\/uploads\/2024\/01\/Screenshot-2024-01-02-122524.png","datePublished":"2024-01-03T18:22:58+00:00","dateModified":"2024-01-30T16:57:27+00:00","description":"Las directrices proporcionadas por la Junta de Indemnizaci\u00f3n por Accidentes de Trabajo del Estado de Nueva York est\u00e1n dise\u00f1adas para ayudar a los","breadcrumb":{"@id":"https:\/\/www.newyorkhipknee.com\/es\/indemnizacion-por-accidente-laboral\/directrices-de-tratamiento-medico-mtg\/lesion-en-el-cuello\/#breadcrumb"},"inLanguage":"es","potentialAction":[{"@type":"ReadAction","target":["https:\/\/www.newyorkhipknee.com\/es\/indemnizacion-por-accidente-laboral\/directrices-de-tratamiento-medico-mtg\/lesion-en-el-cuello\/"]}]},{"@type":"ImageObject","inLanguage":"es","@id":"https:\/\/www.newyorkhipknee.com\/es\/indemnizacion-por-accidente-laboral\/directrices-de-tratamiento-medico-mtg\/lesion-en-el-cuello\/#primaryimage","url":"https:\/\/newyorkhipknee.com\/wp-content\/uploads\/2024\/01\/Screenshot-2024-01-02-122524.png","contentUrl":"https:\/\/newyorkhipknee.com\/wp-content\/uploads\/2024\/01\/Screenshot-2024-01-02-122524.png"},{"@type":"BreadcrumbList","@id":"https:\/\/www.newyorkhipknee.com\/es\/indemnizacion-por-accidente-laboral\/directrices-de-tratamiento-medico-mtg\/lesion-en-el-cuello\/#breadcrumb","itemListElement":[{"@type":"ListItem","position":1,"name":"Home","item":"https:\/\/www.newyorkhipknee.com\/es\/"},{"@type":"ListItem","position":2,"name":"Indemnizaci\u00f3n por accidente laboral","item":"https:\/\/www.newyorkhipknee.com\/es\/indemnizacion-por-accidente-laboral\/"},{"@type":"ListItem","position":3,"name":"Directrices de tratamiento m\u00e9dico (MTG)","item":"https:\/\/www.newyorkhipknee.com\/es\/indemnizacion-por-accidente-laboral\/directrices-de-tratamiento-medico-mtg\/"},{"@type":"ListItem","position":4,"name":"Pautas de tratamiento m\u00e9dico del Estado de Nueva York para lesiones cervicales en pacientes con indemnizaci\u00f3n por accidente laboral"}]},{"@type":"WebSite","@id":"https:\/\/www.newyorkhipknee.com\/es\/#website","url":"https:\/\/www.newyorkhipknee.com\/es\/","name":"Best Hip & Knee Surgeon | NY, USA","description":"","potentialAction":[{"@type":"SearchAction","target":{"@type":"EntryPoint","urlTemplate":"https:\/\/www.newyorkhipknee.com\/es\/?s={search_term_string}"},"query-input":{"@type":"PropertyValueSpecification","valueRequired":true,"valueName":"search_term_string"}}],"inLanguage":"es"}]}},"_links":{"self":[{"href":"https:\/\/www.newyorkhipknee.com\/es\/wp-json\/wp\/v2\/pages\/22330","targetHints":{"allow":["GET"]}}],"collection":[{"href":"https:\/\/www.newyorkhipknee.com\/es\/wp-json\/wp\/v2\/pages"}],"about":[{"href":"https:\/\/www.newyorkhipknee.com\/es\/wp-json\/wp\/v2\/types\/page"}],"author":[{"embeddable":true,"href":"https:\/\/www.newyorkhipknee.com\/es\/wp-json\/wp\/v2\/users\/33"}],"replies":[{"embeddable":true,"href":"https:\/\/www.newyorkhipknee.com\/es\/wp-json\/wp\/v2\/comments?post=22330"}],"version-history":[{"count":0,"href":"https:\/\/www.newyorkhipknee.com\/es\/wp-json\/wp\/v2\/pages\/22330\/revisions"}],"up":[{"embeddable":true,"href":"https:\/\/www.newyorkhipknee.com\/es\/wp-json\/wp\/v2\/pages\/21276"}],"wp:attachment":[{"href":"https:\/\/www.newyorkhipknee.com\/es\/wp-json\/wp\/v2\/media?parent=22330"}],"curies":[{"name":"wp","href":"https:\/\/api.w.org\/{rel}","templated":true}]}}