{"id":22371,"date":"2024-01-15T10:24:23","date_gmt":"2024-01-15T15:24:23","guid":{"rendered":"https:\/\/newyorkhipknee.com\/indemnizacion-por-accidente-laboral\/directrices-de-tratamiento-medico-mtg\/asma-de-origen-laboral\/"},"modified":"2024-01-30T11:57:28","modified_gmt":"2024-01-30T16:57:28","slug":"asma-de-origen-laboral","status":"publish","type":"page","link":"https:\/\/www.newyorkhipknee.com\/es\/indemnizacion-por-accidente-laboral\/directrices-de-tratamiento-medico-mtg\/asma-de-origen-laboral\/","title":{"rendered":"Pautas de tratamiento m\u00e9dico del Estado de Nueva York para el asma relacionada con el trabajo en pacientes con indemnizaci\u00f3n laboral"},"content":{"rendered":"<p>Las directrices elaboradas por la Junta de Indemnizaci\u00f3n por Accidentes de Trabajo del Estado de Nueva York tienen por objeto ayudar a los profesionales sanitarios a tratar el asma relacionada con el trabajo.<\/p>\n<p>Adaptadas a los m\u00e9dicos, estas directrices de la Junta de Indemnizaci\u00f3n por Accidentes de Trabajo ofrecen ayuda para determinar las estrategias de gesti\u00f3n adecuadas para las personas con asma relacionada con su entorno laboral.<\/p>\n<p>Es importante subrayar que estas directrices no sustituyen al juicio cl\u00ednico ni a la experiencia profesional. El tratamiento del asma relacionada con el trabajo debe ser un esfuerzo de colaboraci\u00f3n, en el que participen el paciente y su profesional sanitario, y que se centre en identificar y abordar los factores ocupacionales que contribuyen a la enfermedad.<\/p>\n<p>&nbsp;<\/p>\n<h1>Asma de origen laboral<\/h1>\n<p>&nbsp;<\/p>\n<p>El asma es una enfermedad cr\u00f3nica prevalente que afecta a las v\u00edas respiratorias, caracterizada por una intrincada interacci\u00f3n de obstrucci\u00f3n del flujo a\u00e9reo, hiperreactividad bronquial e inflamaci\u00f3n subyacente. El asma relacionada con el trabajo (ART) se manifiesta con s\u00edntomas de asma que se inician o empeoran en el lugar de trabajo, a menudo asociados con la exposici\u00f3n a nuevas sustancias qu\u00edmicas o cambios ambientales.<\/p>\n<p>El asma relacionada con el trabajo (ART) comprende tanto el asma ocupacional (AO) como el asma exacerbada por el trabajo (AET). El asma ocupacional (AO) engloba el asma inducida por sensibilizadores, desencadenada por la sensibilizaci\u00f3n a un ant\u00edgeno en el lugar de trabajo, y el asma inducida por irritantes, causada por una enfermedad reactiva de las v\u00edas respiratorias provocada por la exposici\u00f3n a irritantes en el lugar de trabajo.Tanto el asma inducida por sensibilizantes como el asma inducida por irritantes pueden provocar una morbilidad aguda significativa, discapacidad a largo plazo e impactos sociales y econ\u00f3micos adversos.<\/p>\n<p>&nbsp;<\/p>\n<h2>Asma ocupacional (OA)<\/h2>\n<div class=\"flex-1 overflow-hidden\">\n<div class=\"react-scroll-to-bottom--css-pevlb-79elbk h-full\">\n<div class=\"react-scroll-to-bottom--css-pevlb-1n7m0yu\">\n<div class=\"flex flex-col pb-9 text-sm\">\n<div class=\"w-full text-token-text-primary\" data-testid=\"conversation-turn-3\">\n<div class=\"px-4 py-2 justify-center text-base md:gap-6 m-auto\">\n<div class=\"flex flex-1 text-base mx-auto gap-3 md:px-5 lg:px-1 xl:px-5 md:max-w-3xl lg:max-w-[40rem] xl:max-w-[48rem] group final-completion\">\n<div class=\"relative flex w-full flex-col lg:w-[calc(100%-115px)] agent-turn\">\n<div class=\"flex-col gap-1 md:gap-3\">\n<div class=\"flex flex-grow flex-col max-w-full\">\n<div class=\"min-h-[20px] text-message flex flex-col items-start gap-3 whitespace-pre-wrap break-words [.text-message+&amp;]:mt-5 overflow-x-auto\" data-message-author-role=\"assistant\" data-message-id=\"710407f8-35c1-4f02-a69b-2c7ab83be695\">\n<div class=\"markdown prose w-full break-words dark:prose-invert dark\">\n<p>El asma ocupacional (AO) se caracteriza por la aparici\u00f3n de nuevos s\u00edntomas de asma en el lugar de trabajo. Puede deberse a la exposici\u00f3n a un sensibilizante o a un irritante en el lugar de trabajo.<\/p>\n<p>&nbsp;<\/p>\n<h3>OA con latencia<\/h3>\n<p>La OA con latencia se observa en todos los casos de asma mediada inmunol\u00f3gicamente, en la que los sensibilizantes desencadenan una respuesta al\u00e9rgica. El periodo de latencia, que oscila entre semanas y a\u00f1os, representa el tiempo de desarrollo de los s\u00edntomas tras la exposici\u00f3n inicial. Este periodo, crucial para la inducci\u00f3n de una respuesta inmunol\u00f3gica, suele durar unos meses. Los sensibilizantes se clasifican en sustancias qu\u00edmicas de alto y bajo peso molecular, que definen los mecanismos, los s\u00edntomas y la latencia del asma. La exposici\u00f3n prolongada a irritantes de bajo nivel tambi\u00e9n puede provocar OA con latencia.<\/p>\n<p>&nbsp;<\/p>\n<h3>OA sin latencia<\/h3>\n<p>La OA sin latencia se caracteriza por una respuesta inflamatoria no al\u00e9rgica a la exposici\u00f3n a irritantes, incluidos gases, humos, vapores y aerosoles. Esta forma de OA puede producirse tras la exposici\u00f3n a irritantes como el \u00f3xido de nitr\u00f3geno, el amon\u00edaco y el cloruro.<\/p>\n<p>&nbsp;<\/p>\n<h3>Asma exacerbada por el trabajo (WEA)<\/h3>\n<p>El asma agravada por el trabajo (AET) afecta a personas con asma preexistente, que empeora debido a exposiciones espec\u00edficas en el lugar de trabajo a irritantes como gases, humos, vapores y aerosoles.<\/p>\n<p>&nbsp;<\/p>\n<\/div>\n<\/div>\n<h3>Etiolog\u00eda del asma<\/h3>\n<p>El asma se caracteriza principalmente por la inflamaci\u00f3n y la reactividad de las v\u00edas respiratorias. Los s\u00edntomas clave incluyen dificultad respiratoria epis\u00f3dica, sibilancias y tos.<\/p>\n<p>&nbsp;<\/p>\n<h3>Diagn\u00f3stico del asma relacionada con el trabajo<\/h3>\n<h4>Signos y s\u00edntomas del asma relacionada con el trabajo<\/h4>\n<p>El asma, caracterizada principalmente por la inflamaci\u00f3n y reactividad de las v\u00edas respiratorias, se manifiesta mediante episodios de falta de aire, sibilancias y tos. Estos s\u00edntomas contrastan con las caracter\u00edsticas predominantes de la bronquitis, que implican tos y producci\u00f3n de esputo. Para diagnosticar el asma ocupacional es necesaria una historia cl\u00ednica pulmonar y diagn\u00f3stica especializada.<\/p>\n<p>&nbsp;<\/p>\n<h4>Criterios de diagn\u00f3stico<\/h4>\n<p>En 1995, el Colegio Americano de M\u00e9dicos del T\u00f3rax estableci\u00f3 una serie de criterios para diagnosticar el asma de origen laboral (ATRT), todos ellos esenciales:<\/p>\n<ul>\n<li>Antecedentes compatibles con asma ocupacional<\/li>\n<li>Presencia de limitaci\u00f3n reversible del flujo a\u00e9reo<\/li>\n<li>En ausencia de limitaci\u00f3n del flujo a\u00e9reo, la presencia de hiperreactividad inespec\u00edfica de las v\u00edas respiratorias<\/li>\n<li>Demostraci\u00f3n de la relaci\u00f3n con el trabajo a trav\u00e9s de medios objetivos.<\/li>\n<\/ul>\n<p>&nbsp;<\/p>\n<h3>Complicaciones y condiciones com\u00f3rbidas relevantes para el trabajo<\/h3>\n<p>El asma puede presentarse de forma compleja, provocando diversos s\u00edntomas secundarios y problemas que afectan a la vida diaria y al trabajo. Algunos ejemplos son la tos cr\u00f3nica que desencadena ronquera secundaria, interfiriendo indirectamente en determinados trabajos (por ejemplo, afectando a la voz o a la capacidad de conversaci\u00f3n). La enfermedad por reflujo gastroesof\u00e1gico (ERGE) suele estar relacionada con el asma, potencialmente exacerbada por los medicamentos broncodilatadores que afectan al esf\u00ednter esof\u00e1gico inferior y empeoran los s\u00edntomas del asma. La disfunci\u00f3n de las cuerdas vocales, distinta del asma, puede coexistir con ella o ser desencadenada por la ERGE o la exposici\u00f3n a irritantes.<\/p>\n<\/div>\n<p>&nbsp;<\/p>\n<\/div>\n<\/div>\n<h2>Asma ocupacional \/ relacionada con el trabajo<\/h2>\n<h3>Anamnesis y exploraci\u00f3n f\u00edsica<\/h3>\n<p>La base para el diagn\u00f3stico y los planes de tratamiento se establece mediante una evaluaci\u00f3n exhaustiva de los antecedentes de exposici\u00f3n profesional, la presentaci\u00f3n y los resultados de las pruebas de cribado diagn\u00f3stico.<\/p>\n<h3>Historia de enfermedad actual<\/h3>\n<h4>Exposiciones profesionales y no profesionales<\/h4>\n<p>La Historia de la Enfermedad Actual (HPI) debe documentar meticulosamente diversos aspectos, entre ellos:<\/p>\n<ul>\n<li>Exposiciones pulmonares ocupacionales y no ocupacionales.<\/li>\n<li>Ocupaciones actuales y anteriores, especificando los tipos de actividades laborales.<\/li>\n<li>Duraci\u00f3n del tiempo dedicado a cada trabajo, incluso los desempe\u00f1ados a\u00f1os o d\u00e9cadas atr\u00e1s.<\/li>\n<\/ul>\n<p>&nbsp;<\/p>\n<h4>Exposiciones<\/h4>\n<p>Detalles sobre exposiciones a:<\/p>\n<ul>\n<li>Polvos (granos, harinas, madera).<\/li>\n<li>Metales (sales de platino, aluminio).<\/li>\n<li>Sustancias o productos qu\u00edmicos (gases, humos, vapores como amon\u00edaco, isocianatos, disolventes, humo y aerosoles).<\/li>\n<\/ul>\n<p>&nbsp;<\/p>\n<h4>Intensidad de la exposici\u00f3n<\/h4>\n<p>Lo ideal es que la intensidad de la exposici\u00f3n incluya mediciones ambientales (datos de higiene industrial) o al menos una descripci\u00f3n cualitativa (por ejemplo, diaria, semanal, mensual).<\/p>\n<p>&nbsp;<\/p>\n<h4>Responsabilidades y s\u00edntomas<\/h4>\n<p>Incluir preguntas sobre las responsabilidades individuales y la exposici\u00f3n, cubriendo s\u00edntomas como:<\/p>\n<ul>\n<li>Opresi\u00f3n en la garganta<\/li>\n<li>Dificultad para respirar<\/li>\n<li>Dificultad con la inspiraci\u00f3n o la expiraci\u00f3n<\/li>\n<li>Respiraci\u00f3n agitada<\/li>\n<li>Tos<\/li>\n<li>Producci\u00f3n de esputo<\/li>\n<li>Bronquitis recurrente<\/li>\n<li>Opresi\u00f3n tor\u00e1cica<\/li>\n<\/ul>\n<p>&nbsp;<\/p>\n<h4>Duraci\u00f3n, aparici\u00f3n y frecuencia de los s\u00edntomas<\/h4>\n<p>Documentar detalles sobre la duraci\u00f3n, aparici\u00f3n y frecuencia de los s\u00edntomas, incluyendo:<\/p>\n<ul>\n<li>Agravaci\u00f3n y alivio de los s\u00edntomas en relaci\u00f3n con el entorno laboral.<\/li>\n<li>Cambios en el entorno laboral.<\/li>\n<li>Cambios en los s\u00edntomas en relaci\u00f3n con los d\u00edas trabajados y no trabajados.<\/li>\n<li>Progresi\u00f3n de los s\u00edntomas.<\/li>\n<li>Patrones estacionales.<\/li>\n<\/ul>\n<p>&nbsp;<\/p>\n<h4>Especificidades y documentaci\u00f3n<\/h4>\n<p>Documente si los s\u00edntomas comenzaron tras una exposici\u00f3n \u00fanica y de alto nivel a un irritante por inhalaci\u00f3n en el lugar de trabajo. Incluya informaci\u00f3n sobre im\u00e1genes pulmonares, pruebas, tratamientos anteriores y la relaci\u00f3n de la enfermedad o lesi\u00f3n con el trabajo. Eval\u00fae la capacidad de la persona para realizar sus tareas y actividades diarias, as\u00ed como el historial del lugar de trabajo en cuanto al tama\u00f1o de la sala, la ventilaci\u00f3n y el uso pasado\/actual del equipo de protecci\u00f3n individual (EPI).<\/p>\n<p>&nbsp;<\/p>\n<\/div>\n<h3>Historial m\u00e9dico pasado<\/h3>\n<h4>Antecedentes m\u00e9dicos inclusivos<\/h4>\n<p>Los antecedentes m\u00e9dicos, que incluyen exposiciones y tratamientos pulmonares previos, deben incluir asma infantil, susceptibilidad a la bronquitis, fiebre del heno, eczema y neumon\u00eda.<\/p>\n<h4>Revisi\u00f3n sist\u00e9mica<\/h4>\n<p>La revisi\u00f3n de los sistemas debe abarcar los s\u00edntomas de diversas enfermedades, incluidas las reumatol\u00f3gicas, neurol\u00f3gicas, endocrinas, neopl\u00e1sicas, dermatol\u00f3gicas y otras afecciones sist\u00e9micas.<\/p>\n<h4>Historial de tabaquismo y medicaci\u00f3n<\/h4>\n<p>Un historial detallado de tabaquismo, teniendo en cuenta la marihuana y el vapeo, es esencial. Adem\u00e1s, recopile un historial completo de medicaci\u00f3n, incluido el uso de medicamentos pulmonares, inhibidores de la enzima convertidora de angiotensina y betabloqueantes.<\/p>\n<h4>Detalles profesionales y recreativos<\/h4>\n<p>Explorar las actividades profesionales y recreativas para comprender las posibles exposiciones y riesgos.<\/p>\n<h4>Estudios previos e historial quir\u00fargico<\/h4>\n<p>Tener en cuenta en la evaluaci\u00f3n los estudios de imagen previos y los antecedentes quir\u00fargicos.<\/p>\n<h4>Alergia y antecedentes familiares<\/h4>\n<p>Incluya un historial de alergias, en particular de atopia, e indague sobre antecedentes familiares de enfermedad at\u00f3pica.<\/p>\n<p>&nbsp;<\/p>\n<h3>Examen f\u00edsico<\/h3>\n<h4>Elementos del examen f\u00edsico pulmonar ocupacional<\/h4>\n<ul>\n<li>Signos vitales, incluida la frecuencia respiratoria medida y la saturaci\u00f3n de ox\u00edgeno.<\/li>\n<li>Capacidades funcionales generales, evaluando la facilidad para moverse, caminar, cambiar de posici\u00f3n, vestirse\/desvestirse y signos de disnea.<\/li>\n<\/ul>\n<p>&nbsp;<\/p>\n<h4>Evaluaci\u00f3n del estado respiratorio<\/h4>\n<ul>\n<li>Evaluaci\u00f3n del estado respiratorio, considerando frecuencia, profundidad, uso de m\u00fasculos accesorios y aleteo nasal.<\/li>\n<\/ul>\n<p>&nbsp;<\/p>\n<h4>Inspecci\u00f3n de estigmas<\/h4>\n<p>Inspeccionar en busca de estigmas de enfermedad pulmonar, incluyendo anormalidades de la membrana mucosa, p\u00f3lipos nasales\/hinchaz\u00f3n\/descarga, clubbing y di\u00e1metro tor\u00e1cico anteroposterior.<\/p>\n<p>&nbsp;<\/p>\n<h4>Palpaci\u00f3n y percusi\u00f3n<\/h4>\n<ul>\n<li>Palpaci\u00f3n de anomal\u00edas de la pared tor\u00e1cica, adenopat\u00edas y masas en el cuello.<\/li>\n<li>Percusi\u00f3n por resonancia para identificar la aireaci\u00f3n, el nivel del diafragma y los signos de interfase o consolidaci\u00f3n de fluidos.<\/li>\n<\/ul>\n<p>&nbsp;<\/p>\n<h4>Auscultaci\u00f3n<\/h4>\n<ul>\n<li>Auscultaci\u00f3n de la relaci\u00f3n inspiraci\u00f3n-espiraci\u00f3n, ruidos respiratorios adventicios (crepitaciones, sibilancias, estertores, roncus) y roces pleurales, teniendo en cuenta el momento, la localizaci\u00f3n y la persistencia de los hallazgos pulmonares.<\/li>\n<\/ul>\n<p>&nbsp;<\/p>\n<h4>Examen card\u00edaco<\/h4>\n<p>Realizar una exploraci\u00f3n cardiaca, prestando atenci\u00f3n a los hallazgos relacionados con el cor pulmonale y la insuficiencia cardiaca.<\/p>\n<p>&nbsp;<\/p>\n<\/div>\n<div class=\"px-4 py-2 justify-center text-base md:gap-6 m-auto\">\n<h4>Examen d\u00e9rmico<\/h4>\n<p>Examinar la piel en busca de signos de enfermedad, como eritema nodoso (asociado a la sarcoidosis).<\/p>\n<\/div>\n<p>&nbsp;<\/p>\n<div class=\"px-4 py-2 justify-center text-base md:gap-6 m-auto\">\n<div class=\"flex flex-1 text-base mx-auto gap-3 md:px-5 lg:px-1 xl:px-5 md:max-w-3xl lg:max-w-[40rem] xl:max-w-[48rem] group final-completion\">\n<div class=\"relative flex w-full flex-col lg:w-[calc(100%-115px)] agent-turn\">\n<div class=\"flex-col gap-1 md:gap-3\">\n<div class=\"flex\"><\/div>\n<div class=\"mt-1 flex justify-start gap-3 empty:hidden\">\n<div class=\"text-gray-400 flex self-end lg:self-center justify-center lg:justify-start mt-0 -ml-1 visible\">\n<div class=\"flex items-center gap-1.5 text-xs\"><\/div>\n<\/div>\n<\/div>\n<\/div>\n<\/div>\n<\/div>\n<\/div>\n<\/div>\n<\/div>\n<\/div>\n<\/div>\n<\/div>\n<div class=\"w-full pt-2 md:pt-0 dark:border-white\/20 md:border-transparent md:dark:border-transparent md:w-[calc(100%-.5rem)]\">\n<form class=\"stretch mx-2 flex flex-row gap-3 last:mb-2 md:mx-4 md:last:mb-6 lg:mx-auto lg:max-w-2xl xl:max-w-3xl\">\n<div class=\"relative flex h-full flex-1 items-stretch md:flex-col\">\n<div class=\"flex w-full items-center\"><\/div>\n<\/div>\n<\/form>\n<\/div>\n","protected":false},"excerpt":{"rendered":"<p>Las directrices elaboradas por la Junta de Indemnizaci\u00f3n por Accidentes de Trabajo del Estado de Nueva York tienen por objeto ayudar a los profesionales sanitarios a tratar el asma relacionada con el trabajo. Adaptadas a los m\u00e9dicos, estas directrices de la Junta de Indemnizaci\u00f3n por Accidentes de Trabajo ofrecen ayuda para determinar las estrategias de [&hellip;]<\/p>\n","protected":false},"author":33,"featured_media":0,"parent":21276,"menu_order":0,"comment_status":"closed","ping_status":"closed","template":"","meta":{"_et_pb_use_builder":"","_et_pb_old_content":"","_et_gb_content_width":"","footnotes":""},"class_list":["post-22371","page","type-page","status-publish","hentry"],"yoast_head":"<!-- This site is optimized with the Yoast SEO plugin v27.2 - https:\/\/yoast.com\/product\/yoast-seo-wordpress\/ -->\n<title>Pautas de tratamiento m\u00e9dico del Estado de Nueva York para el asma relacionada con el trabajo en pacientes con indemnizaci\u00f3n laboral | Best Hip &amp; Knee Surgeon | NY, USA<\/title>\n<meta name=\"description\" content=\"Las directrices elaboradas por la Junta de Indemnizaci\u00f3n por Accidentes de Trabajo del Estado de Nueva York tienen por objeto ayudar a los profesionales\" \/>\n<meta name=\"robots\" content=\"index, follow, max-snippet:-1, max-image-preview:large, max-video-preview:-1\" \/>\n<link rel=\"canonical\" href=\"https:\/\/www.newyorkhipknee.com\/es\/indemnizacion-por-accidente-laboral\/directrices-de-tratamiento-medico-mtg\/asma-de-origen-laboral\/\" \/>\n<meta property=\"og:locale\" content=\"es_ES\" \/>\n<meta property=\"og:type\" content=\"article\" \/>\n<meta property=\"og:title\" content=\"Pautas de tratamiento m\u00e9dico del Estado de Nueva York para el asma relacionada con el trabajo en pacientes con indemnizaci\u00f3n laboral | Best Hip &amp; Knee Surgeon | NY, USA\" \/>\n<meta property=\"og:description\" content=\"Las directrices elaboradas por la Junta de Indemnizaci\u00f3n por Accidentes de Trabajo del Estado de Nueva York tienen por objeto ayudar a los profesionales\" \/>\n<meta property=\"og:url\" content=\"https:\/\/www.newyorkhipknee.com\/es\/indemnizacion-por-accidente-laboral\/directrices-de-tratamiento-medico-mtg\/asma-de-origen-laboral\/\" \/>\n<meta property=\"og:site_name\" content=\"Best Hip &amp; Knee Surgeon | NY, USA\" \/>\n<meta property=\"article:modified_time\" content=\"2024-01-30T16:57:28+00:00\" \/>\n<meta name=\"twitter:card\" content=\"summary_large_image\" \/>\n<meta name=\"twitter:label1\" content=\"Tiempo de lectura\" \/>\n\t<meta name=\"twitter:data1\" content=\"8 minutos\" \/>\n<script type=\"application\/ld+json\" class=\"yoast-schema-graph\">{\"@context\":\"https:\/\/schema.org\",\"@graph\":[{\"@type\":[\"WebPage\",\"MedicalWebPage\"],\"@id\":\"https:\/\/www.newyorkhipknee.com\/es\/indemnizacion-por-accidente-laboral\/directrices-de-tratamiento-medico-mtg\/asma-de-origen-laboral\/\",\"url\":\"https:\/\/www.newyorkhipknee.com\/es\/indemnizacion-por-accidente-laboral\/directrices-de-tratamiento-medico-mtg\/asma-de-origen-laboral\/\",\"name\":\"Pautas de tratamiento m\u00e9dico del Estado de Nueva York para el asma relacionada con el trabajo en pacientes con indemnizaci\u00f3n laboral | Best Hip &amp; Knee Surgeon | NY, USA\",\"isPartOf\":{\"@id\":\"https:\/\/www.newyorkhipknee.com\/es\/#website\"},\"datePublished\":\"2024-01-15T15:24:23+00:00\",\"dateModified\":\"2024-01-30T16:57:28+00:00\",\"description\":\"Las directrices elaboradas por la Junta de Indemnizaci\u00f3n por Accidentes de Trabajo del Estado de Nueva York tienen por objeto ayudar a los profesionales\",\"breadcrumb\":{\"@id\":\"https:\/\/www.newyorkhipknee.com\/es\/indemnizacion-por-accidente-laboral\/directrices-de-tratamiento-medico-mtg\/asma-de-origen-laboral\/#breadcrumb\"},\"inLanguage\":\"es\",\"potentialAction\":[{\"@type\":\"ReadAction\",\"target\":[\"https:\/\/www.newyorkhipknee.com\/es\/indemnizacion-por-accidente-laboral\/directrices-de-tratamiento-medico-mtg\/asma-de-origen-laboral\/\"]}]},{\"@type\":\"BreadcrumbList\",\"@id\":\"https:\/\/www.newyorkhipknee.com\/es\/indemnizacion-por-accidente-laboral\/directrices-de-tratamiento-medico-mtg\/asma-de-origen-laboral\/#breadcrumb\",\"itemListElement\":[{\"@type\":\"ListItem\",\"position\":1,\"name\":\"Home\",\"item\":\"https:\/\/www.newyorkhipknee.com\/es\/\"},{\"@type\":\"ListItem\",\"position\":2,\"name\":\"Indemnizaci\u00f3n por accidente laboral\",\"item\":\"https:\/\/www.newyorkhipknee.com\/es\/indemnizacion-por-accidente-laboral\/\"},{\"@type\":\"ListItem\",\"position\":3,\"name\":\"Directrices de tratamiento m\u00e9dico (MTG)\",\"item\":\"https:\/\/www.newyorkhipknee.com\/es\/indemnizacion-por-accidente-laboral\/directrices-de-tratamiento-medico-mtg\/\"},{\"@type\":\"ListItem\",\"position\":4,\"name\":\"Pautas de tratamiento m\u00e9dico del Estado de Nueva York para el asma relacionada con el trabajo en pacientes con indemnizaci\u00f3n laboral\"}]},{\"@type\":\"WebSite\",\"@id\":\"https:\/\/www.newyorkhipknee.com\/es\/#website\",\"url\":\"https:\/\/www.newyorkhipknee.com\/es\/\",\"name\":\"Best Hip & Knee Surgeon | NY, USA\",\"description\":\"\",\"potentialAction\":[{\"@type\":\"SearchAction\",\"target\":{\"@type\":\"EntryPoint\",\"urlTemplate\":\"https:\/\/www.newyorkhipknee.com\/es\/?s={search_term_string}\"},\"query-input\":{\"@type\":\"PropertyValueSpecification\",\"valueRequired\":true,\"valueName\":\"search_term_string\"}}],\"inLanguage\":\"es\"}]}<\/script>\n<!-- \/ Yoast SEO plugin. -->","yoast_head_json":{"title":"Pautas de tratamiento m\u00e9dico del Estado de Nueva York para el asma relacionada con el trabajo en pacientes con indemnizaci\u00f3n laboral | Best Hip &amp; Knee Surgeon | NY, USA","description":"Las directrices elaboradas por la Junta de Indemnizaci\u00f3n por Accidentes de Trabajo del Estado de Nueva York tienen por objeto ayudar a los profesionales","robots":{"index":"index","follow":"follow","max-snippet":"max-snippet:-1","max-image-preview":"max-image-preview:large","max-video-preview":"max-video-preview:-1"},"canonical":"https:\/\/www.newyorkhipknee.com\/es\/indemnizacion-por-accidente-laboral\/directrices-de-tratamiento-medico-mtg\/asma-de-origen-laboral\/","og_locale":"es_ES","og_type":"article","og_title":"Pautas de tratamiento m\u00e9dico del Estado de Nueva York para el asma relacionada con el trabajo en pacientes con indemnizaci\u00f3n laboral | Best Hip &amp; Knee Surgeon | NY, USA","og_description":"Las directrices elaboradas por la Junta de Indemnizaci\u00f3n por Accidentes de Trabajo del Estado de Nueva York tienen por objeto ayudar a los profesionales","og_url":"https:\/\/www.newyorkhipknee.com\/es\/indemnizacion-por-accidente-laboral\/directrices-de-tratamiento-medico-mtg\/asma-de-origen-laboral\/","og_site_name":"Best Hip &amp; Knee Surgeon | NY, USA","article_modified_time":"2024-01-30T16:57:28+00:00","twitter_card":"summary_large_image","twitter_misc":{"Tiempo de lectura":"8 minutos"},"schema":{"@context":"https:\/\/schema.org","@graph":[{"@type":["WebPage","MedicalWebPage"],"@id":"https:\/\/www.newyorkhipknee.com\/es\/indemnizacion-por-accidente-laboral\/directrices-de-tratamiento-medico-mtg\/asma-de-origen-laboral\/","url":"https:\/\/www.newyorkhipknee.com\/es\/indemnizacion-por-accidente-laboral\/directrices-de-tratamiento-medico-mtg\/asma-de-origen-laboral\/","name":"Pautas de tratamiento m\u00e9dico del Estado de Nueva York para el asma relacionada con el trabajo en pacientes con indemnizaci\u00f3n laboral | Best Hip &amp; Knee Surgeon | NY, USA","isPartOf":{"@id":"https:\/\/www.newyorkhipknee.com\/es\/#website"},"datePublished":"2024-01-15T15:24:23+00:00","dateModified":"2024-01-30T16:57:28+00:00","description":"Las directrices elaboradas por la Junta de Indemnizaci\u00f3n por Accidentes de Trabajo del Estado de Nueva York tienen por objeto ayudar a los profesionales","breadcrumb":{"@id":"https:\/\/www.newyorkhipknee.com\/es\/indemnizacion-por-accidente-laboral\/directrices-de-tratamiento-medico-mtg\/asma-de-origen-laboral\/#breadcrumb"},"inLanguage":"es","potentialAction":[{"@type":"ReadAction","target":["https:\/\/www.newyorkhipknee.com\/es\/indemnizacion-por-accidente-laboral\/directrices-de-tratamiento-medico-mtg\/asma-de-origen-laboral\/"]}]},{"@type":"BreadcrumbList","@id":"https:\/\/www.newyorkhipknee.com\/es\/indemnizacion-por-accidente-laboral\/directrices-de-tratamiento-medico-mtg\/asma-de-origen-laboral\/#breadcrumb","itemListElement":[{"@type":"ListItem","position":1,"name":"Home","item":"https:\/\/www.newyorkhipknee.com\/es\/"},{"@type":"ListItem","position":2,"name":"Indemnizaci\u00f3n por accidente laboral","item":"https:\/\/www.newyorkhipknee.com\/es\/indemnizacion-por-accidente-laboral\/"},{"@type":"ListItem","position":3,"name":"Directrices de tratamiento m\u00e9dico (MTG)","item":"https:\/\/www.newyorkhipknee.com\/es\/indemnizacion-por-accidente-laboral\/directrices-de-tratamiento-medico-mtg\/"},{"@type":"ListItem","position":4,"name":"Pautas de tratamiento m\u00e9dico del Estado de Nueva York para el asma relacionada con el trabajo en pacientes con indemnizaci\u00f3n laboral"}]},{"@type":"WebSite","@id":"https:\/\/www.newyorkhipknee.com\/es\/#website","url":"https:\/\/www.newyorkhipknee.com\/es\/","name":"Best Hip & Knee Surgeon | NY, USA","description":"","potentialAction":[{"@type":"SearchAction","target":{"@type":"EntryPoint","urlTemplate":"https:\/\/www.newyorkhipknee.com\/es\/?s={search_term_string}"},"query-input":{"@type":"PropertyValueSpecification","valueRequired":true,"valueName":"search_term_string"}}],"inLanguage":"es"}]}},"_links":{"self":[{"href":"https:\/\/www.newyorkhipknee.com\/es\/wp-json\/wp\/v2\/pages\/22371","targetHints":{"allow":["GET"]}}],"collection":[{"href":"https:\/\/www.newyorkhipknee.com\/es\/wp-json\/wp\/v2\/pages"}],"about":[{"href":"https:\/\/www.newyorkhipknee.com\/es\/wp-json\/wp\/v2\/types\/page"}],"author":[{"embeddable":true,"href":"https:\/\/www.newyorkhipknee.com\/es\/wp-json\/wp\/v2\/users\/33"}],"replies":[{"embeddable":true,"href":"https:\/\/www.newyorkhipknee.com\/es\/wp-json\/wp\/v2\/comments?post=22371"}],"version-history":[{"count":0,"href":"https:\/\/www.newyorkhipknee.com\/es\/wp-json\/wp\/v2\/pages\/22371\/revisions"}],"up":[{"embeddable":true,"href":"https:\/\/www.newyorkhipknee.com\/es\/wp-json\/wp\/v2\/pages\/21276"}],"wp:attachment":[{"href":"https:\/\/www.newyorkhipknee.com\/es\/wp-json\/wp\/v2\/media?parent=22371"}],"curies":[{"name":"wp","href":"https:\/\/api.w.org\/{rel}","templated":true}]}}