{"id":17804,"date":"2022-10-14T02:43:24","date_gmt":"2022-10-14T06:43:24","guid":{"rendered":"https:\/\/newyorkhipknee.com\/perte-dusage-programmee\/systeme-visuel-systeme-auditif-cicatrices-faciales-et-defiguration\/"},"modified":"2022-10-14T02:43:24","modified_gmt":"2022-10-14T06:43:24","slug":"systeme-visuel-systeme-auditif-cicatrices-faciales-et-defiguration","status":"publish","type":"page","link":"https:\/\/www.newyorkhipknee.com\/fr\/indemnisation-des-travailleurs\/perte-dusage-programmee\/systeme-visuel-systeme-auditif-cicatrices-faciales-et-defiguration\/","title":{"rendered":"Syst\u00e8me visuel, syst\u00e8me auditif, cicatrices faciales et d\u00e9figuration"},"content":{"rendered":"<p>Nous utilisons ces directives si vous avez subi une blessure li\u00e9e au travail et que vous \u00eates curieux de conna\u00eetre l\u2019effet de la \u00ab perte d\u2019utilisation programm\u00e9e \u00bb (SLU) sur votre syst\u00e8me visuel, votre syst\u00e8me auditif, votre cicatrice faciale ou votre d\u00e9figuration. Ensuite, vous pourriez \u00eatre admissible \u00e0 un paiement d\u2019indemnisation d\u00e9termin\u00e9 par les r\u00e8glements de la Commission des accidents du travail.<\/p>\n<p>Notre rapport SLU conclura que vous avez d\u00e9finitivement perdu la fonction de la partie du corps bless\u00e9e en raison de votre accident du travail. La d\u00e9termination de l\u2019affaiblissement des facult\u00e9s est fond\u00e9e sur les lignes directrices de l\u2019\u00c9tat de New York en mati\u00e8re d\u2019indemnisation des travailleurs.<\/p>\n<h2>Introduction au syst\u00e8me visuel<\/h2>\n<p>Nous visons \u00e0 \u00e9valuer les crit\u00e8res de d\u00e9ficience permanente due \u00e0 un dysfonctionnement du syst\u00e8me visuel, y compris les yeux, les annexes oculaires et les voies visuelles. De plus, nous utilisons une quantification de la d\u00e9ficience visuelle due \u00e0 une blessure li\u00e9e au travail et la traduisons en un calendrier de paiement.<\/p>\n<p>Nous utilisons les param\u00e8tres suivants pour \u00e9valuer la d\u00e9ficience visuelle :<\/p>\n<ul>\n<li>La perte d\u2019acuit\u00e9 visuelle non corrig\u00e9e ou corrig\u00e9e d\u2019objets \u00e0 distance&nbsp;<\/li>\n<li>Perte de champ visuel&nbsp;<\/li>\n<li>Diplopie<\/li>\n<\/ul>\n<p>La vision est imparfaite sans la fonction coordonn\u00e9e de tous les param\u00e8tres.<\/p>\n<p>Nous planifierons au cas par cas lors de l\u2019\u00e9valuation d\u2019une d\u00e9formation visible des yeux et du visage. Nous utilisons les \u00e9quipements suivants lors de l\u2019\u00e9valuation de la fonction oculaire :<\/p>\n<ol>\n<li>Les cartes de test d\u2019acuit\u00e9 visuelle de distance comprennent la carte de Snellen avec des lettres et des chiffres, la carte E analphab\u00e8te et la carte de Landolt \u00e0 anneaux bris\u00e9s.&nbsp;<\/li>\n<li>Un p\u00e9rim\u00e8tre de type Goldmann ou automatis\u00e9 de l\u2019\u00e9tendue du champ visuel et enregistr\u00e9 en degr\u00e9s&nbsp;<\/li>\n<li>\u00c9quipement de r\u00e9fraction ou un rapport d\u00e9taillant la r\u00e9fraction r\u00e9cente ou une prescription de lunettes&nbsp;<\/li>\n<li>Une lampe portative avec verre rouge&nbsp;<\/li>\n<li>Lampe \u00e0 fente&nbsp;<\/li>\n<li>Ophtalmoscope<\/li>\n<\/ol>\n<h3>Crit\u00e8res et m\u00e9thodes d\u2019\u00e9valuation de la d\u00e9ficience visuelle centrale permanente<\/h3>\n<p>Nous veillerons \u00e0 ce que la carte ou la surface r\u00e9fl\u00e9chissante ne soit pas sale ou d\u00e9color\u00e9e. Un test \u00e0 distance stimulera l\u2019infini \u00e0 6 m (20 pi) ou au moins 4 m (13 pi 1 po).<\/p>\n<p>Nous mesurons la vision centrale et enregistrons la distance avec et sans lunettes de prescription. L\u2019astigmatisme irr\u00e9gulier d\u00fb \u00e0 une l\u00e9sion ou \u00e0 une maladie de la corn\u00e9e peut am\u00e9liorer la vision r\u00e9duite en portant des lentilles de contact. Cependant, les lentilles corn\u00e9ennes sont des m\u00e9thodes acceptables de correction de l\u2019acuit\u00e9 visuelle sans contre-indications.<\/p>\n<p>Nous enregistrerons l\u2019acuit\u00e9 visuelle de distance en notation de Snellen avec une fraction. Le num\u00e9rateur est \u00e9gal \u00e0 la distance d\u2019essai des pieds ou des m\u00e8tres. Le d\u00e9nominateur d\u00e9termine la longueur \u00e0 laquelle le patient peut lire la plus petite lettre avec cinq minutes d\u2019arc. La notation de fraction n\u2019implique pas de pourcentage d\u2019acuit\u00e9 visuelle.<\/p>\n<p>Utilisez la proc\u00e9dure suivante pour d\u00e9terminer la perte de vision centrale dans un \u0153il.<\/p>\n<ol>\n<li>Nous mesurons et enregistrons la meilleure acuit\u00e9 visuelle \u00e0 distance centrale avec et sans lunettes de vue ou lentilles de contact.&nbsp;<\/li>\n<li>Nous utilisons le tableau suivant pour planifier la perte visuelle non corrig\u00e9e ou corrig\u00e9e dans un \u0153il bless\u00e9, selon la p\u00e9riode la plus importante.<\/li>\n<\/ol>\n<p><strong>Tableau : Perte visuelle<\/strong><\/p>\n<h3>Champs visuels<\/h3>\n<p>Nous d\u00e9terminons l\u2019\u00e9tendue du champ visuel \u00e0 l\u2019aide d\u2019une m\u00e9thode p\u00e9rim\u00e9trique et d\u2019une cible blanche. \u00c0 l\u2019aide du bol Goldmann de 30 cm de rayon, utilisez la cible III\/4 e en mode cin\u00e9tique.<\/p>\n<h3>D\u00e9termination de la perte de champ visuel<\/h3>\n<p>Nous utilisons les \u00e9tapes suivantes pour d\u00e9terminer la perte de champ visuel.<\/p>\n<ol>\n<li>Nous utiliserons huit m\u00e9ridiens principaux d\u2019un graphique de champ visuel pour tracer l\u2019\u00e9tendue du champ visuel.&nbsp;<\/li>\n<li>Nous \u00e9valuons le calendrier en fonction du pourcentage de perte.<\/li>\n<\/ol>\n<p><strong>Figure : Exemple de graphiques p\u00e9rim\u00e9triques<\/strong><\/p>\n<p>Nous utilisons les cartes p\u00e9rim\u00e9triques pour tracer l\u2019\u00e9tendue du champ visuel sur les huit m\u00e9ridiens principaux, s\u00e9par\u00e9s par des intervalles de 45 degr\u00e9s.<\/p>\n<p><strong>Tableau : Perte de champ visuel<\/strong><\/p>\n<p>La somme des huit champs de rayons principaux totalise 420, soit 100% de l\u2019efficacit\u00e9 du champ visuel industriel. Ensuite, nous calculerons la perte de champ visuel en additionnant les huit m\u00e9ridiens principaux du champ p\u00e9riph\u00e9rique du patient (x).<\/p>\n<p>x\/420 = % d\u2019efficacit\u00e9 (y)<br \/>\n100 % = % de perte par rapport au calendrier pour Eye<\/p>\n<h3>D\u00e9termination du calendrier de la diplopie<\/h3>\n<p>Pour d\u00e9terminer le calendrier de la diplopie, nous utilisons un test de verre rouge, cartographions la magnitude \u00e0 moins de 30 degr\u00e9s et calculons \u00e0 l\u2019aide du tableau ci-dessous. Ensuite, nous programmerons la perte de l\u2019\u0153il bless\u00e9. Enfin, nous combinerons le pourcentage de perte de diplopie avec le calendrier de perte de vision centrale et la perte du champ visuel de l\u2019\u0153il bless\u00e9.<\/p>\n<p><strong>Tableau : Diplopie<\/strong><br \/>\nNous envisagerons d\u2019utiliser un champ de 30 degr\u00e9s.<\/p>\n<h2>Perte auditive<\/h2>\n<p>Nous attendrons au moins trois mois \u00e0 compter de la date de la blessure ou du retrait de l\u2019exposition au bruit nocif (\u00e9ventuellement via des dispositifs de protection) pour que le patient d\u00e9pose une demande de perte auditive li\u00e9e au travail. Nous consid\u00e9rerons le dernier jour des trois mois de retrait de la date d\u2019invalidit\u00e9 du patient.<\/p>\n<h2>Perte auditive professionnelle<\/h2>\n<p>Nous mesurons la capacit\u00e9 auditive de la parole normale et utilisons des tests de tonalit\u00e9 audiom\u00e9triques \u00e0 diff\u00e9rentes intensit\u00e9s sonores men\u00e9es \u00e0 des niveaux de fr\u00e9quence de 500, 1000, 2000 et 3000 Hertz (Hz).<\/p>\n<p>Nous ferons la moyenne des r\u00e9sultats des quatre niveaux de fr\u00e9quence et d\u00e9terminerons le seuil n\u00e9cessaire pour que le patient entende le son \u00e0 un maximum de 25 d\u00e9cibels (dB), ce qui \u00e9quivaut \u00e0 aucune perte auditive.<\/p>\n<p>Nous calculerons la perte auditive pour chaque d\u00e9cibel qu\u2019une oreille auditive d\u00e9passe 25 dB \u00e0 1,5% et jusqu\u2019\u00e0 100% \u00e0 92 dB. Par cons\u00e9quent, le niveau auditif d\u2019un patient est de 41 dB. Ils ont une perte auditive de 24% dans cette oreille.<\/p>\n<p>Nous multiplierons par cinq la perte auditive sup\u00e9rieure de l\u2019oreille du patient et ajouterons au pourcentage de perte auditive de l\u2019oreille r\u00e9duite de l\u2019oreille r\u00e9duite. Ensuite, nous diviserons le total par six pour repr\u00e9senter le pourcentage global de perte auditive du patient pour accorder des avantages.<\/p>\n<h2>Perte auditive traumatique<\/h2>\n<p>Un coup violent \u00e0 la t\u00eate et un fort souffle d\u2019air dans l\u2019oreille peuvent cr\u00e9er une perte auditive traumatique.<\/p>\n<p>Nous utiliserons une m\u00e9thode diff\u00e9rente pour d\u00e9terminer le degr\u00e9 de perte auditive due \u00e0 un traumatisme plut\u00f4t qu\u2019\u00e0 une maladie professionnelle.<\/p>\n<p>Nous utilisons l\u2019\u00e9chelle de 250 cycles par seconde (CPS) \u00e0 4000 CPS pour mesurer le pourcentage de perte auditive.<\/p>\n<p>Le calendrier est de 150 semaines pour la perte auditive compl\u00e8te dans les deux oreilles et de 60 semaines dans chaque oreille. Tout d\u2019abord, nous calculons la perte auditive en prenant le pourcentage de perte de chaque oreille, en le totalisant, puis en le divisant par deux.<\/p>\n<p>Par exemple:<\/p>\n<p>25% dans l\u2019oreille droite<br \/>\n40% dans l\u2019oreille gauche<br \/>\n= 65 % de perte totale<\/p>\n<p>En cons\u00e9quence, nous diviserons 65% par 2, ce qui \u00e9quivaut \u00e0 321\u20442%.<\/p>\n<h2>Cicatrices faciales et d\u00e9figuration<\/h2>\n<ol>\n<li>Nous \u00e9valuons les cicatrices permanentes et la d\u00e9figuration du visage et du cou au moins un an apr\u00e8s la blessure ou un an apr\u00e8s l\u2019op\u00e9ration.&nbsp;<\/li>\n<li>Limitez les cicatrices et la d\u00e9figuration du cou \u00e0 la r\u00e9gion situ\u00e9e au-dessus de la clavicule.&nbsp;<\/li>\n<li>Nous utilisons les param\u00e8tres de description avec pr\u00e9cision, tels que la longueur, la largeur, la couleur, le contour et l\u2019emplacement pr\u00e9cis de la cicatrice et de la d\u00e9figuration.&nbsp;<\/li>\n<li>Nous utilisons des d\u00e9figurations sp\u00e9cifiques de l\u2019\u0153il, de l\u2019oreille, du nez et de la bouche.&nbsp;\n<ul>\n<li>Les d\u00e9figurations oculaires typiques comprennent la cicatrisation corn\u00e9enne, les d\u00e9ficits de l\u2019iris et la perte totale possible de l\u2019\u0153il avec des proth\u00e8ses.&nbsp;<\/li>\n<li>Les d\u00e9figurations nasales typiques comprennent la d\u00e9viation septale nasale, l\u2019\u00e9largissement et la perte de tissus.&nbsp;<\/li>\n<li>Les d\u00e9figurations typiques des l\u00e8vres comprennent la perte des tissus mous, l\u2019\u00e9largissement et la modification standard du contour des l\u00e8vres.&nbsp;<\/li>\n<li>Les d\u00e9figurations typiques de l\u2019oreille comprennent la perte de tissu et l\u2019alt\u00e9ration standard du contour de l\u2019oreille.&nbsp;<\/li>\n<li>Consultez le rapport dentaire du patient si les dents sont endommag\u00e9es.<\/li>\n<\/ul>\n<\/li>\n<\/ol>\n<p>Veuillez consulter le site Web de la Commission des accidents du travail de votre \u00c9tat ou parler \u00e0 votre avocat sp\u00e9cialis\u00e9 dans l\u2019indemnisation des travailleurs pour plus d\u2019informations.<\/p>\n","protected":false},"excerpt":{"rendered":"<p>Nous utilisons ces directives si vous avez subi une blessure li\u00e9e au travail et que vous \u00eates curieux de conna\u00eetre l\u2019effet de la \u00ab perte d\u2019utilisation programm\u00e9e \u00bb (SLU) sur votre syst\u00e8me visuel, votre syst\u00e8me auditif, votre cicatrice faciale ou votre d\u00e9figuration. Ensuite, vous pourriez \u00eatre admissible \u00e0 un paiement d\u2019indemnisation d\u00e9termin\u00e9 par les r\u00e8glements [&hellip;]<\/p>\n","protected":false},"author":15,"featured_media":0,"parent":17774,"menu_order":0,"comment_status":"closed","ping_status":"closed","template":"","meta":{"_et_pb_use_builder":"","_et_pb_old_content":"","_et_gb_content_width":"","footnotes":""},"class_list":["post-17804","page","type-page","status-publish","hentry"],"yoast_head":"<!-- This site is optimized with the Yoast SEO plugin v27.2 - https:\/\/yoast.com\/product\/yoast-seo-wordpress\/ -->\n<title>Syst\u00e8me visuel, syst\u00e8me auditif, cicatrices faciales et d\u00e9figuration<\/title>\n<meta name=\"description\" content=\"Nous utilisons ces directives si vous avez subi une blessure li\u00e9e au travail et que vous \u00eates curieux de conna\u00eetre l\u2019effet de la \u00ab perte d\u2019utilisation\" \/>\n<meta name=\"robots\" content=\"index, follow, max-snippet:-1, max-image-preview:large, max-video-preview:-1\" \/>\n<link rel=\"canonical\" href=\"https:\/\/www.newyorkhipknee.com\/fr\/indemnisation-des-travailleurs\/perte-dusage-programmee\/systeme-visuel-systeme-auditif-cicatrices-faciales-et-defiguration\/\" \/>\n<meta property=\"og:locale\" content=\"fr_FR\" \/>\n<meta property=\"og:type\" content=\"article\" \/>\n<meta property=\"og:title\" content=\"Syst\u00e8me visuel, syst\u00e8me auditif, cicatrices faciales et d\u00e9figuration\" \/>\n<meta property=\"og:description\" content=\"Nous utilisons ces directives si vous avez subi une blessure li\u00e9e au travail et que vous \u00eates curieux de conna\u00eetre l\u2019effet de la \u00ab perte d\u2019utilisation\" \/>\n<meta property=\"og:url\" content=\"https:\/\/www.newyorkhipknee.com\/fr\/indemnisation-des-travailleurs\/perte-dusage-programmee\/systeme-visuel-systeme-auditif-cicatrices-faciales-et-defiguration\/\" \/>\n<meta property=\"og:site_name\" content=\"Best Hip &amp; Knee Surgeon | NY, USA\" \/>\n<meta name=\"twitter:card\" content=\"summary_large_image\" \/>\n<meta name=\"twitter:label1\" content=\"Dur\u00e9e de lecture estim\u00e9e\" \/>\n\t<meta name=\"twitter:data1\" content=\"7 minutes\" \/>\n<script type=\"application\/ld+json\" class=\"yoast-schema-graph\">{\"@context\":\"https:\/\/schema.org\",\"@graph\":[{\"@type\":[\"WebPage\",\"MedicalWebPage\"],\"@id\":\"https:\/\/www.newyorkhipknee.com\/fr\/indemnisation-des-travailleurs\/perte-dusage-programmee\/systeme-visuel-systeme-auditif-cicatrices-faciales-et-defiguration\/\",\"url\":\"https:\/\/www.newyorkhipknee.com\/fr\/indemnisation-des-travailleurs\/perte-dusage-programmee\/systeme-visuel-systeme-auditif-cicatrices-faciales-et-defiguration\/\",\"name\":\"Syst\u00e8me visuel, syst\u00e8me auditif, cicatrices faciales et d\u00e9figuration\",\"isPartOf\":{\"@id\":\"https:\/\/www.newyorkhipknee.com\/fr\/#website\"},\"datePublished\":\"2022-10-14T06:43:24+00:00\",\"description\":\"Nous utilisons ces directives si vous avez subi une blessure li\u00e9e au travail et que vous \u00eates curieux de conna\u00eetre l\u2019effet de la \u00ab perte d\u2019utilisation\",\"breadcrumb\":{\"@id\":\"https:\/\/www.newyorkhipknee.com\/fr\/indemnisation-des-travailleurs\/perte-dusage-programmee\/systeme-visuel-systeme-auditif-cicatrices-faciales-et-defiguration\/#breadcrumb\"},\"inLanguage\":\"fr-FR\",\"potentialAction\":[{\"@type\":\"ReadAction\",\"target\":[\"https:\/\/www.newyorkhipknee.com\/fr\/indemnisation-des-travailleurs\/perte-dusage-programmee\/systeme-visuel-systeme-auditif-cicatrices-faciales-et-defiguration\/\"]}]},{\"@type\":\"BreadcrumbList\",\"@id\":\"https:\/\/www.newyorkhipknee.com\/fr\/indemnisation-des-travailleurs\/perte-dusage-programmee\/systeme-visuel-systeme-auditif-cicatrices-faciales-et-defiguration\/#breadcrumb\",\"itemListElement\":[{\"@type\":\"ListItem\",\"position\":1,\"name\":\"Home\",\"item\":\"https:\/\/www.newyorkhipknee.com\/fr\/\"},{\"@type\":\"ListItem\",\"position\":2,\"name\":\"Indemnisation des travailleurs\",\"item\":\"https:\/\/www.newyorkhipknee.com\/fr\/indemnisation-des-travailleurs\/\"},{\"@type\":\"ListItem\",\"position\":3,\"name\":\"Perte d&rsquo;usage programm\u00e9e\",\"item\":\"https:\/\/www.newyorkhipknee.com\/fr\/indemnisation-des-travailleurs\/perte-dusage-programmee\/\"},{\"@type\":\"ListItem\",\"position\":4,\"name\":\"Syst\u00e8me visuel, syst\u00e8me auditif, cicatrices faciales et d\u00e9figuration\"}]},{\"@type\":\"WebSite\",\"@id\":\"https:\/\/www.newyorkhipknee.com\/fr\/#website\",\"url\":\"https:\/\/www.newyorkhipknee.com\/fr\/\",\"name\":\"Best Hip & Knee Surgeon | NY, USA\",\"description\":\"\",\"potentialAction\":[{\"@type\":\"SearchAction\",\"target\":{\"@type\":\"EntryPoint\",\"urlTemplate\":\"https:\/\/www.newyorkhipknee.com\/fr\/?s={search_term_string}\"},\"query-input\":{\"@type\":\"PropertyValueSpecification\",\"valueRequired\":true,\"valueName\":\"search_term_string\"}}],\"inLanguage\":\"fr-FR\"}]}<\/script>\n<!-- \/ Yoast SEO plugin. -->","yoast_head_json":{"title":"Syst\u00e8me visuel, syst\u00e8me auditif, cicatrices faciales et d\u00e9figuration","description":"Nous utilisons ces directives si vous avez subi une blessure li\u00e9e au travail et que vous \u00eates curieux de conna\u00eetre l\u2019effet de la \u00ab perte d\u2019utilisation","robots":{"index":"index","follow":"follow","max-snippet":"max-snippet:-1","max-image-preview":"max-image-preview:large","max-video-preview":"max-video-preview:-1"},"canonical":"https:\/\/www.newyorkhipknee.com\/fr\/indemnisation-des-travailleurs\/perte-dusage-programmee\/systeme-visuel-systeme-auditif-cicatrices-faciales-et-defiguration\/","og_locale":"fr_FR","og_type":"article","og_title":"Syst\u00e8me visuel, syst\u00e8me auditif, cicatrices faciales et d\u00e9figuration","og_description":"Nous utilisons ces directives si vous avez subi une blessure li\u00e9e au travail et que vous \u00eates curieux de conna\u00eetre l\u2019effet de la \u00ab perte d\u2019utilisation","og_url":"https:\/\/www.newyorkhipknee.com\/fr\/indemnisation-des-travailleurs\/perte-dusage-programmee\/systeme-visuel-systeme-auditif-cicatrices-faciales-et-defiguration\/","og_site_name":"Best Hip &amp; Knee Surgeon | NY, USA","twitter_card":"summary_large_image","twitter_misc":{"Dur\u00e9e de lecture estim\u00e9e":"7 minutes"},"schema":{"@context":"https:\/\/schema.org","@graph":[{"@type":["WebPage","MedicalWebPage"],"@id":"https:\/\/www.newyorkhipknee.com\/fr\/indemnisation-des-travailleurs\/perte-dusage-programmee\/systeme-visuel-systeme-auditif-cicatrices-faciales-et-defiguration\/","url":"https:\/\/www.newyorkhipknee.com\/fr\/indemnisation-des-travailleurs\/perte-dusage-programmee\/systeme-visuel-systeme-auditif-cicatrices-faciales-et-defiguration\/","name":"Syst\u00e8me visuel, syst\u00e8me auditif, cicatrices faciales et d\u00e9figuration","isPartOf":{"@id":"https:\/\/www.newyorkhipknee.com\/fr\/#website"},"datePublished":"2022-10-14T06:43:24+00:00","description":"Nous utilisons ces directives si vous avez subi une blessure li\u00e9e au travail et que vous \u00eates curieux de conna\u00eetre l\u2019effet de la \u00ab perte d\u2019utilisation","breadcrumb":{"@id":"https:\/\/www.newyorkhipknee.com\/fr\/indemnisation-des-travailleurs\/perte-dusage-programmee\/systeme-visuel-systeme-auditif-cicatrices-faciales-et-defiguration\/#breadcrumb"},"inLanguage":"fr-FR","potentialAction":[{"@type":"ReadAction","target":["https:\/\/www.newyorkhipknee.com\/fr\/indemnisation-des-travailleurs\/perte-dusage-programmee\/systeme-visuel-systeme-auditif-cicatrices-faciales-et-defiguration\/"]}]},{"@type":"BreadcrumbList","@id":"https:\/\/www.newyorkhipknee.com\/fr\/indemnisation-des-travailleurs\/perte-dusage-programmee\/systeme-visuel-systeme-auditif-cicatrices-faciales-et-defiguration\/#breadcrumb","itemListElement":[{"@type":"ListItem","position":1,"name":"Home","item":"https:\/\/www.newyorkhipknee.com\/fr\/"},{"@type":"ListItem","position":2,"name":"Indemnisation des travailleurs","item":"https:\/\/www.newyorkhipknee.com\/fr\/indemnisation-des-travailleurs\/"},{"@type":"ListItem","position":3,"name":"Perte d&rsquo;usage programm\u00e9e","item":"https:\/\/www.newyorkhipknee.com\/fr\/indemnisation-des-travailleurs\/perte-dusage-programmee\/"},{"@type":"ListItem","position":4,"name":"Syst\u00e8me visuel, syst\u00e8me auditif, cicatrices faciales et d\u00e9figuration"}]},{"@type":"WebSite","@id":"https:\/\/www.newyorkhipknee.com\/fr\/#website","url":"https:\/\/www.newyorkhipknee.com\/fr\/","name":"Best Hip & Knee Surgeon | NY, USA","description":"","potentialAction":[{"@type":"SearchAction","target":{"@type":"EntryPoint","urlTemplate":"https:\/\/www.newyorkhipknee.com\/fr\/?s={search_term_string}"},"query-input":{"@type":"PropertyValueSpecification","valueRequired":true,"valueName":"search_term_string"}}],"inLanguage":"fr-FR"}]}},"_links":{"self":[{"href":"https:\/\/www.newyorkhipknee.com\/fr\/wp-json\/wp\/v2\/pages\/17804","targetHints":{"allow":["GET"]}}],"collection":[{"href":"https:\/\/www.newyorkhipknee.com\/fr\/wp-json\/wp\/v2\/pages"}],"about":[{"href":"https:\/\/www.newyorkhipknee.com\/fr\/wp-json\/wp\/v2\/types\/page"}],"author":[{"embeddable":true,"href":"https:\/\/www.newyorkhipknee.com\/fr\/wp-json\/wp\/v2\/users\/15"}],"replies":[{"embeddable":true,"href":"https:\/\/www.newyorkhipknee.com\/fr\/wp-json\/wp\/v2\/comments?post=17804"}],"version-history":[{"count":0,"href":"https:\/\/www.newyorkhipknee.com\/fr\/wp-json\/wp\/v2\/pages\/17804\/revisions"}],"up":[{"embeddable":true,"href":"https:\/\/www.newyorkhipknee.com\/fr\/wp-json\/wp\/v2\/pages\/17774"}],"wp:attachment":[{"href":"https:\/\/www.newyorkhipknee.com\/fr\/wp-json\/wp\/v2\/media?parent=17804"}],"curies":[{"name":"wp","href":"https:\/\/api.w.org\/{rel}","templated":true}]}}