{"id":22217,"date":"2024-01-15T13:12:24","date_gmt":"2024-01-15T18:12:24","guid":{"rendered":"https:\/\/newyorkhipknee.com\/gestion-de-lasthme-professionnel-oa\/"},"modified":"2024-01-30T11:19:58","modified_gmt":"2024-01-30T16:19:58","slug":"gestion-de-lasthme-professionnel-oa","status":"publish","type":"page","link":"https:\/\/www.newyorkhipknee.com\/fr\/indemnisation-des-travailleurs\/lignes-directrices-pour-les-traitements-medicaux-mtg\/asthme-lie-au-travail\/gestion-de-lasthme-professionnel-oa\/","title":{"rendered":"Directives m\u00e9dicales de l&rsquo;\u00c9tat de New York pour la prise en charge de l&rsquo;asthme professionnel chez les travailleurs indemnis\u00e9s"},"content":{"rendered":"<p>Les lignes directrices \u00e9tablies par la commission des accidents du travail de l&rsquo;\u00c9tat de New York ont pour but d&rsquo;aider les professionnels de la sant\u00e9 \u00e0 prendre en charge l&rsquo;asthme professionnel (AP).<\/p>\n<p>Destin\u00e9es aux m\u00e9decins, ces lignes directrices de la Commission des accidents du travail offrent un soutien dans la d\u00e9termination des strat\u00e9gies de gestion appropri\u00e9es pour les personnes souffrant d&rsquo;asthme professionnel.<\/p>\n<p>Il est essentiel de noter que ces lignes directrices ne remplacent pas le jugement clinique ou l&rsquo;exp\u00e9rience professionnelle. La prise en charge de l&rsquo;asthme professionnel doit \u00eatre le fruit d&rsquo;une collaboration entre le patient et son prestataire de soins, en tenant compte des facteurs professionnels sp\u00e9cifiques qui contribuent \u00e0 l&rsquo;affection.<\/p>\n<h3><\/h3>\n<h3>Objectifs du traitement de l&rsquo;asthme li\u00e9 au travail (AAT)<\/h3>\n<p><strong>Minimiser les exacerbations de l&rsquo;asthme :<\/strong> L&rsquo;objectif du traitement est de minimiser les exacerbations de l&rsquo;asthme en r\u00e9duisant les expositions professionnelles. Il s&rsquo;agit de limiter les sources d&rsquo;exposition, d&rsquo;am\u00e9liorer la ventilation et d&rsquo;optimiser la prise en charge m\u00e9dicale standard gr\u00e2ce \u00e0 des mesures de contr\u00f4le de l&rsquo;environnement non professionnel et \u00e0 un traitement pharmacologique.<\/p>\n<p><strong>Consid\u00e9rations relatives \u00e0 l&rsquo;adaptation au travail :<\/strong> En fonction de la gravit\u00e9 de l&rsquo;asthme et de l&rsquo;importance des facteurs d&rsquo;exacerbation au travail, le patient peut \u00eatre en mesure de conserver le m\u00eame emploi avec des expositions r\u00e9duites. Toutefois, si cette approche s&rsquo;av\u00e8re insuffisante pour pr\u00e9venir l&rsquo;exacerbation des sympt\u00f4mes li\u00e9e au travail, il peut s&rsquo;av\u00e9rer n\u00e9cessaire de changer d&#8217;emploi pour un lieu de travail pr\u00e9sentant moins d&rsquo;\u00e9l\u00e9ments d\u00e9clencheurs.<\/p>\n<p><strong>\u00c9quilibrer les avantages et les risques :<\/strong> Lorsqu&rsquo;un patient souffrant d&rsquo;asthme exacerb\u00e9 par le travail (AEMT) atteint un point o\u00f9 le cadre de travail devient intol\u00e9rable, le clinicien et le patient doivent soigneusement mettre en balance les avantages potentiels d&rsquo;un retrait du travail et les avantages financiers et psychologiques d&rsquo;une poursuite de l&rsquo;activit\u00e9.<\/p>\n<p><strong>Prise en charge m\u00e9dicale de l&rsquo;asthme professionnel (AP) :<\/strong> La prise en charge m\u00e9dicale de l&rsquo;arthrose implique des mesures ax\u00e9es sur un diagnostic pr\u00e9coce et la pr\u00e9vention pr\u00e9coce de toute nouvelle exposition. Cela peut se faire en d\u00e9pla\u00e7ant le travailleur ou en rempla\u00e7ant le danger, ce qui offre la meilleure chance d&#8217;emp\u00eacher une nouvelle d\u00e9t\u00e9rioration de la condition asthmatique.<\/p>\n<p><strong>Approche pharmacologique :<\/strong> La prise en charge pharmacologique de l&rsquo;asthme professionnel s&rsquo;aligne sur les strat\u00e9gies utilis\u00e9es pour d&rsquo;autres formes d&rsquo;asthme et doit respecter les directives m\u00e9dicales reconnues et publi\u00e9es.<\/p>\n<p><strong>Arthrose indu<\/strong> ite par un sensibilisateur <strong>:<\/strong> les patients souffrant d&rsquo;arthrose induite par un sensibilisateur ne doivent plus \u00eatre expos\u00e9s \u00e0 l&rsquo;agent responsable et doivent b\u00e9n\u00e9ficier d&rsquo;une prise en charge compl\u00e8te de l&rsquo;asthme.<\/p>\n<p><strong>Minimisation de l&rsquo;exposition et relocalisation :<\/strong> S&rsquo;il n&rsquo;est pas possible de proc\u00e9der \u00e0 un retrait m\u00e9dical, l&rsquo;exposition doit \u00eatre minimis\u00e9e autant que possible, \u00e9ventuellement en d\u00e9pla\u00e7ant le travailleur. Les travailleurs relocalis\u00e9s doivent faire l&rsquo;objet d&rsquo;une surveillance m\u00e9dicale accrue afin de s&rsquo;assurer de l&rsquo;absence d&rsquo;aggravation de la maladie.<\/p>\n<p><strong>OA induite par les<\/strong> irritants <strong>:<\/strong> dans les cas d&rsquo;OA induite par les irritants, la strat\u00e9gie initiale de prise en charge peut consister \u00e0 essayer de minimiser l&rsquo;exposition en utilisant un \u00e9quipement de protection respiratoire, associ\u00e9 \u00e0 un traitement m\u00e9dicamenteux contre l&rsquo;asthme. Une surveillance m\u00e9dicale accrue est conseill\u00e9e et, en cas d&rsquo;aggravation de la maladie, une recommandation de retrait de l&rsquo;exposition est encourag\u00e9e.<\/p>\n<p><strong>Envisager des environnements diff\u00e9rents :<\/strong> Dans les cas o\u00f9 l&rsquo;\u00e9tat des travailleurs peut continuer \u00e0 se d\u00e9t\u00e9riorer malgr\u00e9 une faible exposition \u00e0 l&rsquo;agent causal, il est possible d&rsquo;envisager un changement de poste et d&rsquo;environnement. Des informations pr\u00e9cises sur l&rsquo;impact des diff\u00e9rentes options de prise en charge sont essentielles pour d\u00e9terminer le traitement le plus efficace de l&rsquo;arthrose.<\/p>\n<div class=\"flex-1 overflow-hidden\">\n<div class=\"react-scroll-to-bottom--css-pevlb-79elbk h-full\">\n<div class=\"react-scroll-to-bottom--css-pevlb-1n7m0yu\">\n<div class=\"flex flex-col pb-9 text-sm\">\n<div class=\"w-full text-token-text-primary\" data-testid=\"conversation-turn-41\">\n<div class=\"px-4 py-2 justify-center text-base md:gap-6 m-auto\">\n<div class=\"flex flex-1 text-base mx-auto gap-3 md:px-5 lg:px-1 xl:px-5 md:max-w-3xl lg:max-w-[40rem] xl:max-w-[48rem] group final-completion\">\n<div class=\"relative flex w-full flex-col lg:w-[calc(100%-115px)] agent-turn\">\n<div class=\"flex-col gap-1 md:gap-3\">\n<div class=\"flex flex-grow flex-col max-w-full\">\n<div class=\"min-h-[20px] text-message flex flex-col items-start gap-3 whitespace-pre-wrap break-words [.text-message+&amp;]:mt-5 overflow-x-auto\" data-message-author-role=\"assistant\" data-message-id=\"cd13f6f5-7b7c-49c6-9d6b-f875455a8e56\">\n<div class=\"markdown prose w-full break-words dark:prose-invert dark\">\n<h3>Minimisation de l&rsquo;exposition et gestion de l&rsquo;asthme professionnel (OA)<\/h3>\n<p><strong>Minimiser l&rsquo;exposition par le transfert :<\/strong> S&rsquo;il n&rsquo;est pas possible de proc\u00e9der \u00e0 un retrait m\u00e9dical, il convient de s&rsquo;efforcer de minimiser l&rsquo;exposition autant que possible en d\u00e9pla\u00e7ant le travailleur. Les travailleurs d\u00e9plac\u00e9s doivent faire l&rsquo;objet d&rsquo;une surveillance m\u00e9dicale renforc\u00e9e afin de confirmer l&rsquo;absence d&rsquo;aggravation de la maladie.<\/p>\n<p><strong>D\u00e9t\u00e9rioration potentielle malgr\u00e9<\/strong> une faible exposition <strong>:<\/strong> les travailleurs atteints d&rsquo;arthrose peuvent encore subir une d\u00e9t\u00e9rioration m\u00eame en cas de faible exposition \u00e0 l&rsquo;agent causal. En cas d&rsquo;aggravation de la maladie dans ces circonstances, une recommandation de retrait de l&rsquo;exposition doit \u00eatre rapidement formul\u00e9e.<\/p>\n<p><strong>Prise en charge de l&rsquo;arthrose induite par les irritants :<\/strong> Pour les patients souffrant d&rsquo;arthrose provoqu\u00e9e par des irritants, une premi\u00e8re approche de la prise en charge peut consister en un essai de r\u00e9duction de l&rsquo;exposition \u00e0 l&rsquo;aide d&rsquo;un \u00e9quipement de protection respiratoire, parall\u00e8lement \u00e0 la prise d&rsquo;un m\u00e9dicament contre l&rsquo;asthme. Cette strat\u00e9gie s&rsquo;accompagne d&rsquo;une surveillance m\u00e9dicale accrue et, en cas d&rsquo;aggravation de la maladie, une recommandation de retrait de l&rsquo;exposition est encourag\u00e9e. Dans ce cas, un transfert vers un autre emploi et un autre environnement peut \u00eatre envisag\u00e9.<\/p>\n<p><strong>D\u00e9terminer un traitement efficace :<\/strong> Des informations pr\u00e9cises sur l&rsquo;impact des diff\u00e9rentes options de gestion sont essentielles pour d\u00e9terminer le traitement le plus efficace contre l&rsquo;arthrose.<\/p>\n<p>&nbsp;<\/p>\n<h3>Recommandations en cas d&rsquo;exposition persistante<\/h3>\n<p><strong>Persistance de l&rsquo;exposition :<\/strong> il est recommand\u00e9 d&rsquo;informer les individus que la persistance de l&rsquo;exposition \u00e0 l&rsquo;agent causal est susceptible d&rsquo;entra\u00eener une d\u00e9t\u00e9rioration des sympt\u00f4mes de l&rsquo;asthme et une obstruction des voies respiratoires.<\/p>\n<p><strong>\u00c9viter l&rsquo;exposition :<\/strong> L&rsquo;\u00e9vitement complet de l&rsquo;exposition est associ\u00e9 \u00e0 la plus forte probabilit\u00e9 d&rsquo;am\u00e9lioration. Toutefois, il est essentiel de pr\u00e9ciser qu&rsquo;il n&rsquo;est pas toujours possible de gu\u00e9rir compl\u00e8tement de l&rsquo;asthme.<\/p>\n<p><strong>Retrait m\u00e9dical :<\/strong> Lorsque le diagnostic d&rsquo;arthrose est confirm\u00e9, les patients doivent \u00eatre inform\u00e9s que l&rsquo;\u00e9limination pr\u00e9coce et compl\u00e8te de l&rsquo;exposition am\u00e9liore le pronostic. Les sympt\u00f4mes et la d\u00e9ficience fonctionnelle associ\u00e9s \u00e0 l&rsquo;arthrose peuvent persister pendant des ann\u00e9es apr\u00e8s avoir \u00e9vit\u00e9 toute nouvelle exposition. La persistance de l&rsquo;exposition est li\u00e9e \u00e0 une plus grande probabilit\u00e9 de persistance de l&rsquo;asthme et \u00e0 un d\u00e9clin acc\u00e9l\u00e9r\u00e9 du VEMS par rapport \u00e0 l&rsquo;\u00e9vitement complet.<\/p>\n<p><strong>Gestion de l&rsquo;asthme induit par les sensibilisants (r\u00e9duction de l&rsquo;exposition) :<\/strong> Pour l&rsquo;asthme induit par les sensibilisants, il est recommand\u00e9 d&rsquo;\u00e9viter l&rsquo;exposition. Le raisonnement est bas\u00e9 sur les preuves disponibles indiquant qu&rsquo;une exposition continue peut aggraver de nombreux cas d&rsquo;asthme.<\/p>\n<p><strong>Prise en charge de l&rsquo;asthme provoqu\u00e9 par les irritants (r\u00e9duction de l&rsquo;exposition) :<\/strong> La r\u00e9duction de l&rsquo;exposition aux niveaux les plus bas possibles, y compris l&rsquo;utilisation d&rsquo;\u00e9quipements de protection individuelle, est recommand\u00e9e pour l&rsquo;asthme provoqu\u00e9 par des irritants. Un suivi m\u00e9dical attentif est essentiel pour identifier rapidement une aggravation de l&rsquo;asthme. En cas de progression, il convient de proc\u00e9der \u00e0 un retrait total de l&rsquo;exposition.<\/p>\n<p>&nbsp;<\/p>\n<\/div>\n<\/div>\n<h3>Appareils de protection respiratoire : Recommandations et consid\u00e9rations<\/h3>\n<p><strong>1. R\u00f4le des appareils de protection respiratoire :<\/strong><\/p>\n<ul>\n<li><strong>Non recommand\u00e9 comme protection primaire :<\/strong>\n<ul>\n<li>Les appareils de protection respiratoire ne sont pas recommand\u00e9s comme mode de protection principal contre les expositions nocives, en particulier \u00e0 long terme et pour les personnes souffrant d&rsquo;asthme s\u00e9v\u00e8re.<\/li>\n<\/ul>\n<\/li>\n<\/ul>\n<p><strong>2. Conditions d&rsquo;examen :<\/strong><\/p>\n<ul>\n<li><strong>Utilisation limit\u00e9e pour les cas b\u00e9nins :<\/strong>\n<ul>\n<li>Bien qu&rsquo;ils ne soient pas recommand\u00e9s en tant qu&rsquo;intervention autonome, les appareils de protection respiratoire peuvent \u00eatre envisag\u00e9s pour les cas b\u00e9nins dans des environnements o\u00f9 l&rsquo;exposition est plus faible. Cette mesure est conseill\u00e9e \u00e0 court terme et doit \u00eatre associ\u00e9e \u00e0 d&rsquo;autres mesures visant \u00e0 r\u00e9duire ou \u00e0 \u00e9liminer l&rsquo;exposition, ainsi qu&rsquo;\u00e0 une th\u00e9rapie pharmacologique, en particulier dans les cas d&rsquo;asthme professionnel (AP) induit par des irritants.<\/li>\n<\/ul>\n<\/li>\n<\/ul>\n<p><strong>3. Consid\u00e9rations relatives \u00e0 la gravit\u00e9 et \u00e0 l&rsquo;exposition :<\/strong><\/p>\n<ul>\n<li><strong>Non recommand\u00e9 pour l&rsquo;asthme s\u00e9v\u00e8re ou mod\u00e9r\u00e9ment s\u00e9v\u00e8re :<\/strong>\n<ul>\n<li>Les appareils de protection respiratoire ne sont pas recommand\u00e9s en tant qu&rsquo;intervention autonome, en particulier pour les personnes souffrant d&rsquo;asthme s\u00e9v\u00e8re ou mod\u00e9r\u00e9ment s\u00e9v\u00e8re travaillant dans des sites o\u00f9 l&rsquo;exposition est moyenne ou \u00e9lev\u00e9e.<\/li>\n<\/ul>\n<\/li>\n<\/ul>\n<p><strong>4. Utilisation et suivi :<\/strong><\/p>\n<ul>\n<li><strong>Surveillance m\u00e9dicale appropri\u00e9e :<\/strong>\n<ul>\n<li>Un suivi m\u00e9dical appropri\u00e9 est essentiel. La progression de la maladie asthmatique doit conduire \u00e0 recommander d&rsquo;\u00e9viter l&rsquo;exposition.<\/li>\n<\/ul>\n<\/li>\n<li><strong>Respect des normes OSHA :<\/strong>\n<ul>\n<li>La capacit\u00e9 du travailleur \u00e0 porter un respirateur, conform\u00e9ment aux normes OSHA 1919.134, doit \u00eatre \u00e9valu\u00e9e. En outre, le choix d&rsquo;un respirateur appropri\u00e9 est essentiel.<\/li>\n<\/ul>\n<\/li>\n<\/ul>\n<p><strong>En r\u00e9sum\u00e9 :<\/strong><\/p>\n<ul>\n<li>L&rsquo;utilisation d&rsquo;appareils de protection respiratoire est d\u00e9conseill\u00e9e en tant que mesure de protection primaire, en particulier dans les cas d&rsquo;asthme s\u00e9v\u00e8re. Toutefois, dans des situations sp\u00e9cifiques, ces dispositifs peuvent \u00eatre envisag\u00e9s pour une utilisation \u00e0 court terme en conjonction avec d&rsquo;autres efforts de r\u00e9duction de l&rsquo;exposition, sous r\u00e9serve du suivi m\u00e9dical du travailleur et du respect des normes de s\u00e9curit\u00e9.<\/li>\n<\/ul>\n<\/div>\n<div class=\"mt-1 flex justify-start gap-3 empty:hidden\">\n<div class=\"text-gray-400 flex self-end lg:self-center justify-center lg:justify-start mt-0 -ml-1 visible\">\n<p>&nbsp;<\/p>\n<div class=\"flex\">\n<div class=\"textwidget\">\n<p>&nbsp;<\/p>\n<\/div>\n<\/div>\n<div class=\"flex items-center gap-1.5 text-xs\"><\/div>\n<\/div>\n<\/div>\n<\/div>\n<\/div>\n<\/div>\n<\/div>\n<\/div>\n<\/div>\n<\/div>\n<\/div>\n<\/div>\n<div class=\"w-full pt-2 md:pt-0 dark:border-white\/20 md:border-transparent md:dark:border-transparent md:w-[calc(100%-.5rem)]\">\n<form class=\"stretch mx-2 flex flex-row gap-3 last:mb-2 md:mx-4 md:last:mb-6 lg:mx-auto lg:max-w-2xl xl:max-w-3xl\">\n<div class=\"relative flex h-full flex-1 items-stretch md:flex-col\">\n<div class=\"flex w-full items-center\"><\/div>\n<\/div>\n<\/form>\n<\/div>\n","protected":false},"excerpt":{"rendered":"<p>Les lignes directrices \u00e9tablies par la commission des accidents du travail de l&rsquo;\u00c9tat de New York ont pour but d&rsquo;aider les professionnels de la sant\u00e9 \u00e0 prendre en charge l&rsquo;asthme professionnel (AP). Destin\u00e9es aux m\u00e9decins, ces lignes directrices de la Commission des accidents du travail offrent un soutien dans la d\u00e9termination des strat\u00e9gies de gestion [&hellip;]<\/p>\n","protected":false},"author":33,"featured_media":0,"parent":22364,"menu_order":0,"comment_status":"closed","ping_status":"closed","template":"","meta":{"_et_pb_use_builder":"","_et_pb_old_content":"","_et_gb_content_width":"","footnotes":""},"class_list":["post-22217","page","type-page","status-publish","hentry"],"yoast_head":"<!-- This site is optimized with the Yoast SEO plugin v27.2 - https:\/\/yoast.com\/product\/yoast-seo-wordpress\/ -->\n<title>Directives m\u00e9dicales de l&#039;\u00c9tat de New York pour la prise en charge de l&#039;asthme professionnel chez les travailleurs indemnis\u00e9s | Best Hip &amp; Knee Surgeon | NY, USA<\/title>\n<meta name=\"description\" content=\"Les lignes directrices \u00e9tablies par la commission des accidents du travail de l&#039;\u00c9tat de New York ont pour but d&#039;aider les professionnels de la sant\u00e9 \u00e0\" \/>\n<meta name=\"robots\" content=\"index, follow, max-snippet:-1, max-image-preview:large, max-video-preview:-1\" \/>\n<link rel=\"canonical\" href=\"https:\/\/www.newyorkhipknee.com\/fr\/indemnisation-des-travailleurs\/lignes-directrices-pour-les-traitements-medicaux-mtg\/asthme-lie-au-travail\/gestion-de-lasthme-professionnel-oa\/\" \/>\n<meta property=\"og:locale\" content=\"fr_FR\" \/>\n<meta property=\"og:type\" content=\"article\" \/>\n<meta property=\"og:title\" content=\"Directives m\u00e9dicales de l&#039;\u00c9tat de New York pour la prise en charge de l&#039;asthme professionnel chez les travailleurs indemnis\u00e9s | Best Hip &amp; Knee Surgeon | NY, USA\" \/>\n<meta property=\"og:description\" content=\"Les lignes directrices \u00e9tablies par la commission des accidents du travail de l&#039;\u00c9tat de New York ont pour but d&#039;aider les professionnels de la sant\u00e9 \u00e0\" \/>\n<meta property=\"og:url\" content=\"https:\/\/www.newyorkhipknee.com\/fr\/indemnisation-des-travailleurs\/lignes-directrices-pour-les-traitements-medicaux-mtg\/asthme-lie-au-travail\/gestion-de-lasthme-professionnel-oa\/\" \/>\n<meta property=\"og:site_name\" content=\"Best Hip &amp; Knee Surgeon | NY, USA\" \/>\n<meta property=\"article:modified_time\" content=\"2024-01-30T16:19:58+00:00\" \/>\n<meta name=\"twitter:card\" content=\"summary_large_image\" \/>\n<meta name=\"twitter:label1\" content=\"Dur\u00e9e de lecture estim\u00e9e\" \/>\n\t<meta name=\"twitter:data1\" content=\"7 minutes\" \/>\n<script type=\"application\/ld+json\" class=\"yoast-schema-graph\">{\"@context\":\"https:\/\/schema.org\",\"@graph\":[{\"@type\":[\"WebPage\",\"MedicalWebPage\"],\"@id\":\"https:\/\/www.newyorkhipknee.com\/fr\/indemnisation-des-travailleurs\/lignes-directrices-pour-les-traitements-medicaux-mtg\/asthme-lie-au-travail\/gestion-de-lasthme-professionnel-oa\/\",\"url\":\"https:\/\/www.newyorkhipknee.com\/fr\/indemnisation-des-travailleurs\/lignes-directrices-pour-les-traitements-medicaux-mtg\/asthme-lie-au-travail\/gestion-de-lasthme-professionnel-oa\/\",\"name\":\"Directives m\u00e9dicales de l'\u00c9tat de New York pour la prise en charge de l'asthme professionnel chez les travailleurs indemnis\u00e9s | Best Hip &amp; Knee Surgeon | NY, USA\",\"isPartOf\":{\"@id\":\"https:\/\/www.newyorkhipknee.com\/fr\/#website\"},\"datePublished\":\"2024-01-15T18:12:24+00:00\",\"dateModified\":\"2024-01-30T16:19:58+00:00\",\"description\":\"Les lignes directrices \u00e9tablies par la commission des accidents du travail de l'\u00c9tat de New York ont pour but d'aider les professionnels de la sant\u00e9 \u00e0\",\"breadcrumb\":{\"@id\":\"https:\/\/www.newyorkhipknee.com\/fr\/indemnisation-des-travailleurs\/lignes-directrices-pour-les-traitements-medicaux-mtg\/asthme-lie-au-travail\/gestion-de-lasthme-professionnel-oa\/#breadcrumb\"},\"inLanguage\":\"fr-FR\",\"potentialAction\":[{\"@type\":\"ReadAction\",\"target\":[\"https:\/\/www.newyorkhipknee.com\/fr\/indemnisation-des-travailleurs\/lignes-directrices-pour-les-traitements-medicaux-mtg\/asthme-lie-au-travail\/gestion-de-lasthme-professionnel-oa\/\"]}]},{\"@type\":\"BreadcrumbList\",\"@id\":\"https:\/\/www.newyorkhipknee.com\/fr\/indemnisation-des-travailleurs\/lignes-directrices-pour-les-traitements-medicaux-mtg\/asthme-lie-au-travail\/gestion-de-lasthme-professionnel-oa\/#breadcrumb\",\"itemListElement\":[{\"@type\":\"ListItem\",\"position\":1,\"name\":\"Home\",\"item\":\"https:\/\/www.newyorkhipknee.com\/fr\/\"},{\"@type\":\"ListItem\",\"position\":2,\"name\":\"Indemnisation des travailleurs\",\"item\":\"https:\/\/www.newyorkhipknee.com\/fr\/indemnisation-des-travailleurs\/\"},{\"@type\":\"ListItem\",\"position\":3,\"name\":\"Lignes directrices pour les traitements m\u00e9dicaux (MTG)\",\"item\":\"https:\/\/www.newyorkhipknee.com\/fr\/indemnisation-des-travailleurs\/lignes-directrices-pour-les-traitements-medicaux-mtg\/\"},{\"@type\":\"ListItem\",\"position\":4,\"name\":\"Directives de l&rsquo;\u00c9tat de New York pour le traitement m\u00e9dical de l&rsquo;asthme d&rsquo;origine professionnelle chez les travailleurs indemnis\u00e9s\",\"item\":\"https:\/\/www.newyorkhipknee.com\/fr\/indemnisation-des-travailleurs\/lignes-directrices-pour-les-traitements-medicaux-mtg\/asthme-lie-au-travail\/\"},{\"@type\":\"ListItem\",\"position\":5,\"name\":\"Directives m\u00e9dicales de l&rsquo;\u00c9tat de New York pour la prise en charge de l&rsquo;asthme professionnel chez les travailleurs indemnis\u00e9s\"}]},{\"@type\":\"WebSite\",\"@id\":\"https:\/\/www.newyorkhipknee.com\/fr\/#website\",\"url\":\"https:\/\/www.newyorkhipknee.com\/fr\/\",\"name\":\"Best Hip & Knee Surgeon | NY, USA\",\"description\":\"\",\"potentialAction\":[{\"@type\":\"SearchAction\",\"target\":{\"@type\":\"EntryPoint\",\"urlTemplate\":\"https:\/\/www.newyorkhipknee.com\/fr\/?s={search_term_string}\"},\"query-input\":{\"@type\":\"PropertyValueSpecification\",\"valueRequired\":true,\"valueName\":\"search_term_string\"}}],\"inLanguage\":\"fr-FR\"}]}<\/script>\n<!-- \/ Yoast SEO plugin. -->","yoast_head_json":{"title":"Directives m\u00e9dicales de l'\u00c9tat de New York pour la prise en charge de l'asthme professionnel chez les travailleurs indemnis\u00e9s | Best Hip &amp; Knee Surgeon | NY, USA","description":"Les lignes directrices \u00e9tablies par la commission des accidents du travail de l'\u00c9tat de New York ont pour but d'aider les professionnels de la sant\u00e9 \u00e0","robots":{"index":"index","follow":"follow","max-snippet":"max-snippet:-1","max-image-preview":"max-image-preview:large","max-video-preview":"max-video-preview:-1"},"canonical":"https:\/\/www.newyorkhipknee.com\/fr\/indemnisation-des-travailleurs\/lignes-directrices-pour-les-traitements-medicaux-mtg\/asthme-lie-au-travail\/gestion-de-lasthme-professionnel-oa\/","og_locale":"fr_FR","og_type":"article","og_title":"Directives m\u00e9dicales de l'\u00c9tat de New York pour la prise en charge de l'asthme professionnel chez les travailleurs indemnis\u00e9s | Best Hip &amp; Knee Surgeon | NY, USA","og_description":"Les lignes directrices \u00e9tablies par la commission des accidents du travail de l'\u00c9tat de New York ont pour but d'aider les professionnels de la sant\u00e9 \u00e0","og_url":"https:\/\/www.newyorkhipknee.com\/fr\/indemnisation-des-travailleurs\/lignes-directrices-pour-les-traitements-medicaux-mtg\/asthme-lie-au-travail\/gestion-de-lasthme-professionnel-oa\/","og_site_name":"Best Hip &amp; Knee Surgeon | NY, USA","article_modified_time":"2024-01-30T16:19:58+00:00","twitter_card":"summary_large_image","twitter_misc":{"Dur\u00e9e de lecture estim\u00e9e":"7 minutes"},"schema":{"@context":"https:\/\/schema.org","@graph":[{"@type":["WebPage","MedicalWebPage"],"@id":"https:\/\/www.newyorkhipknee.com\/fr\/indemnisation-des-travailleurs\/lignes-directrices-pour-les-traitements-medicaux-mtg\/asthme-lie-au-travail\/gestion-de-lasthme-professionnel-oa\/","url":"https:\/\/www.newyorkhipknee.com\/fr\/indemnisation-des-travailleurs\/lignes-directrices-pour-les-traitements-medicaux-mtg\/asthme-lie-au-travail\/gestion-de-lasthme-professionnel-oa\/","name":"Directives m\u00e9dicales de l'\u00c9tat de New York pour la prise en charge de l'asthme professionnel chez les travailleurs indemnis\u00e9s | Best Hip &amp; Knee Surgeon | NY, USA","isPartOf":{"@id":"https:\/\/www.newyorkhipknee.com\/fr\/#website"},"datePublished":"2024-01-15T18:12:24+00:00","dateModified":"2024-01-30T16:19:58+00:00","description":"Les lignes directrices \u00e9tablies par la commission des accidents du travail de l'\u00c9tat de New York ont pour but d'aider les professionnels de la sant\u00e9 \u00e0","breadcrumb":{"@id":"https:\/\/www.newyorkhipknee.com\/fr\/indemnisation-des-travailleurs\/lignes-directrices-pour-les-traitements-medicaux-mtg\/asthme-lie-au-travail\/gestion-de-lasthme-professionnel-oa\/#breadcrumb"},"inLanguage":"fr-FR","potentialAction":[{"@type":"ReadAction","target":["https:\/\/www.newyorkhipknee.com\/fr\/indemnisation-des-travailleurs\/lignes-directrices-pour-les-traitements-medicaux-mtg\/asthme-lie-au-travail\/gestion-de-lasthme-professionnel-oa\/"]}]},{"@type":"BreadcrumbList","@id":"https:\/\/www.newyorkhipknee.com\/fr\/indemnisation-des-travailleurs\/lignes-directrices-pour-les-traitements-medicaux-mtg\/asthme-lie-au-travail\/gestion-de-lasthme-professionnel-oa\/#breadcrumb","itemListElement":[{"@type":"ListItem","position":1,"name":"Home","item":"https:\/\/www.newyorkhipknee.com\/fr\/"},{"@type":"ListItem","position":2,"name":"Indemnisation des travailleurs","item":"https:\/\/www.newyorkhipknee.com\/fr\/indemnisation-des-travailleurs\/"},{"@type":"ListItem","position":3,"name":"Lignes directrices pour les traitements m\u00e9dicaux (MTG)","item":"https:\/\/www.newyorkhipknee.com\/fr\/indemnisation-des-travailleurs\/lignes-directrices-pour-les-traitements-medicaux-mtg\/"},{"@type":"ListItem","position":4,"name":"Directives de l&rsquo;\u00c9tat de New York pour le traitement m\u00e9dical de l&rsquo;asthme d&rsquo;origine professionnelle chez les travailleurs indemnis\u00e9s","item":"https:\/\/www.newyorkhipknee.com\/fr\/indemnisation-des-travailleurs\/lignes-directrices-pour-les-traitements-medicaux-mtg\/asthme-lie-au-travail\/"},{"@type":"ListItem","position":5,"name":"Directives m\u00e9dicales de l&rsquo;\u00c9tat de New York pour la prise en charge de l&rsquo;asthme professionnel chez les travailleurs indemnis\u00e9s"}]},{"@type":"WebSite","@id":"https:\/\/www.newyorkhipknee.com\/fr\/#website","url":"https:\/\/www.newyorkhipknee.com\/fr\/","name":"Best Hip & Knee Surgeon | NY, USA","description":"","potentialAction":[{"@type":"SearchAction","target":{"@type":"EntryPoint","urlTemplate":"https:\/\/www.newyorkhipknee.com\/fr\/?s={search_term_string}"},"query-input":{"@type":"PropertyValueSpecification","valueRequired":true,"valueName":"search_term_string"}}],"inLanguage":"fr-FR"}]}},"_links":{"self":[{"href":"https:\/\/www.newyorkhipknee.com\/fr\/wp-json\/wp\/v2\/pages\/22217","targetHints":{"allow":["GET"]}}],"collection":[{"href":"https:\/\/www.newyorkhipknee.com\/fr\/wp-json\/wp\/v2\/pages"}],"about":[{"href":"https:\/\/www.newyorkhipknee.com\/fr\/wp-json\/wp\/v2\/types\/page"}],"author":[{"embeddable":true,"href":"https:\/\/www.newyorkhipknee.com\/fr\/wp-json\/wp\/v2\/users\/33"}],"replies":[{"embeddable":true,"href":"https:\/\/www.newyorkhipknee.com\/fr\/wp-json\/wp\/v2\/comments?post=22217"}],"version-history":[{"count":0,"href":"https:\/\/www.newyorkhipknee.com\/fr\/wp-json\/wp\/v2\/pages\/22217\/revisions"}],"up":[{"embeddable":true,"href":"https:\/\/www.newyorkhipknee.com\/fr\/wp-json\/wp\/v2\/pages\/22364"}],"wp:attachment":[{"href":"https:\/\/www.newyorkhipknee.com\/fr\/wp-json\/wp\/v2\/media?parent=22217"}],"curies":[{"name":"wp","href":"https:\/\/api.w.org\/{rel}","templated":true}]}}