{"id":22364,"date":"2024-01-15T10:24:23","date_gmt":"2024-01-15T15:24:23","guid":{"rendered":"https:\/\/newyorkhipknee.com\/indemnisation-des-travailleurs\/lignes-directrices-pour-les-traitements-medicaux-mtg\/asthme-lie-au-travail\/"},"modified":"2024-01-30T11:57:33","modified_gmt":"2024-01-30T16:57:33","slug":"asthme-lie-au-travail","status":"publish","type":"page","link":"https:\/\/www.newyorkhipknee.com\/fr\/indemnisation-des-travailleurs\/lignes-directrices-pour-les-traitements-medicaux-mtg\/asthme-lie-au-travail\/","title":{"rendered":"Directives de l&rsquo;\u00c9tat de New York pour le traitement m\u00e9dical de l&rsquo;asthme d&rsquo;origine professionnelle chez les travailleurs indemnis\u00e9s"},"content":{"rendered":"<p>Les lignes directrices \u00e9labor\u00e9es par la commission des accidents du travail de l&rsquo;\u00c9tat de New York ont pour but d&rsquo;aider les professionnels de la sant\u00e9 \u00e0 g\u00e9rer l&rsquo;asthme li\u00e9 au travail.<\/p>\n<p>Destin\u00e9es aux m\u00e9decins, ces lignes directrices de la Commission des accidents du travail offrent un soutien dans la d\u00e9termination des strat\u00e9gies de gestion appropri\u00e9es pour les personnes souffrant d&rsquo;asthme li\u00e9 \u00e0 leur environnement de travail.<\/p>\n<p>Il est important de souligner que ces lignes directrices ne remplacent pas le jugement clinique ou l&rsquo;exp\u00e9rience professionnelle. La prise en charge de l&rsquo;asthme li\u00e9 au travail doit \u00eatre le fruit d&rsquo;une collaboration entre le patient et son prestataire de soins, l&rsquo;accent \u00e9tant mis sur l&rsquo;identification et le traitement des facteurs professionnels contribuant \u00e0 l&rsquo;affection.<\/p>\n<p>&nbsp;<\/p>\n<h1>Asthme li\u00e9 au travail<\/h1>\n<p>&nbsp;<\/p>\n<p>L&rsquo;asthme est une maladie chronique pr\u00e9valente qui affecte les voies respiratoires et se caract\u00e9rise par une interaction complexe entre l&rsquo;obstruction du flux d&rsquo;air, l&rsquo;hyperr\u00e9activit\u00e9 bronchique et l&rsquo;inflammation sous-jacente. L&rsquo;asthme li\u00e9 au travail se manifeste par des sympt\u00f4mes d&rsquo;asthme qui apparaissent ou s&rsquo;aggravent sur le lieu de travail, souvent associ\u00e9s \u00e0 une exposition \u00e0 de nouveaux produits chimiques ou \u00e0 des modifications de l&rsquo;environnement.<\/p>\n<p>L&rsquo;asthme professionnel (AP) comprend l&rsquo;asthme professionnel (AP) et l&rsquo;asthme exacerb\u00e9 par le travail (AET). L&rsquo;asthme professionnel (AP) comprend l&rsquo;asthme induit par un sensibilisateur, d\u00e9clench\u00e9 par la sensibilisation \u00e0 un antig\u00e8ne sur le lieu de travail, et l&rsquo;asthme induit par des irritants, caus\u00e9 par une maladie r\u00e9active des voies respiratoires provoqu\u00e9e par l&rsquo;exposition \u00e0 des irritants sur le lieu de travail.L&rsquo;asthme induit par les sensibilisants et l&rsquo;asthme induit par les irritants peuvent tous deux entra\u00eener une morbidit\u00e9 aigu\u00eb importante, une incapacit\u00e9 \u00e0 long terme et des r\u00e9percussions sociales et \u00e9conomiques n\u00e9gatives.<\/p>\n<p>&nbsp;<\/p>\n<h2>Asthme professionnel (OA)<\/h2>\n<div class=\"flex-1 overflow-hidden\">\n<div class=\"react-scroll-to-bottom--css-pevlb-79elbk h-full\">\n<div class=\"react-scroll-to-bottom--css-pevlb-1n7m0yu\">\n<div class=\"flex flex-col pb-9 text-sm\">\n<div class=\"w-full text-token-text-primary\" data-testid=\"conversation-turn-3\">\n<div class=\"px-4 py-2 justify-center text-base md:gap-6 m-auto\">\n<div class=\"flex flex-1 text-base mx-auto gap-3 md:px-5 lg:px-1 xl:px-5 md:max-w-3xl lg:max-w-[40rem] xl:max-w-[48rem] group final-completion\">\n<div class=\"relative flex w-full flex-col lg:w-[calc(100%-115px)] agent-turn\">\n<div class=\"flex-col gap-1 md:gap-3\">\n<div class=\"flex flex-grow flex-col max-w-full\">\n<div class=\"min-h-[20px] text-message flex flex-col items-start gap-3 whitespace-pre-wrap break-words [.text-message+&amp;]:mt-5 overflow-x-auto\" data-message-author-role=\"assistant\" data-message-id=\"710407f8-35c1-4f02-a69b-2c7ab83be695\">\n<div class=\"markdown prose w-full break-words dark:prose-invert dark\">\n<p>L&rsquo;asthme professionnel (AP) se caract\u00e9rise par l&rsquo;apparition de nouveaux sympt\u00f4mes d&rsquo;asthme sur le lieu de travail. Elle peut r\u00e9sulter d&rsquo;une exposition \u00e0 un sensibilisant ou \u00e0 un irritant sur le lieu de travail.<\/p>\n<p>&nbsp;<\/p>\n<h3>OA avec latence<\/h3>\n<p>L&rsquo;arthrose avec latence est observ\u00e9e dans tous les cas d&rsquo;asthme \u00e0 m\u00e9diation immunologique, o\u00f9 les sensibilisants d\u00e9clenchent une r\u00e9ponse allergique. La p\u00e9riode de latence, qui peut aller de quelques semaines \u00e0 plusieurs ann\u00e9es, repr\u00e9sente le temps n\u00e9cessaire au d\u00e9veloppement des sympt\u00f4mes apr\u00e8s l&rsquo;exposition initiale. Cette p\u00e9riode, cruciale pour l&rsquo;induction d&rsquo;une r\u00e9ponse immunologique, est g\u00e9n\u00e9ralement de quelques mois. Les sensibilisants sont class\u00e9s en produits chimiques de haut et de bas poids mol\u00e9culaire, d\u00e9finissant les m\u00e9canismes, les sympt\u00f4mes et la latence de l&rsquo;asthme. Une exposition prolong\u00e9e \u00e0 des irritants de faible intensit\u00e9 peut \u00e9galement entra\u00eener une arthrose avec latence.<\/p>\n<p>&nbsp;<\/p>\n<h3>OA sans latence<\/h3>\n<p>L&rsquo;arthrose sans latence se caract\u00e9rise par une r\u00e9action inflammatoire et non allergique \u00e0 l&rsquo;exposition \u00e0 des irritants, notamment des gaz, des fum\u00e9es, des vapeurs et des a\u00e9rosols. Cette forme d&rsquo;arthrose peut survenir apr\u00e8s une exposition \u00e0 des irritants tels que l&rsquo;oxyde d&rsquo;azote, l&rsquo;ammoniac et le chlorure.<\/p>\n<p>&nbsp;<\/p>\n<h3>Asthme exacerb\u00e9 par le travail (AET)<\/h3>\n<p>L&rsquo;asthme exacerb\u00e9 par le travail (AET) touche les personnes souffrant d&rsquo;asthme pr\u00e9existant et s&rsquo;aggrave en raison d&rsquo;expositions sp\u00e9cifiques sur le lieu de travail \u00e0 des irritants tels que les gaz, les fum\u00e9es, les vapeurs et les a\u00e9rosols.<\/p>\n<p>&nbsp;<\/p>\n<\/div>\n<\/div>\n<h3>\u00c9tiologie de l&rsquo;asthme<\/h3>\n<p>L&rsquo;asthme se caract\u00e9rise principalement par l&rsquo;inflammation et la r\u00e9activit\u00e9 des voies respiratoires. Les principaux sympt\u00f4mes sont un essoufflement \u00e9pisodique, une respiration sifflante et une toux.<\/p>\n<p>&nbsp;<\/p>\n<h3>Diagnostic de l&rsquo;asthme li\u00e9 au travail<\/h3>\n<h4>Signes et sympt\u00f4mes de l&rsquo;asthme li\u00e9 au travail<\/h4>\n<p>L&rsquo;asthme, principalement marqu\u00e9 par l&rsquo;inflammation et la r\u00e9activit\u00e9 des voies respiratoires, se manifeste par un essoufflement \u00e9pisodique, une respiration sifflante et une toux. Ces sympt\u00f4mes contrastent avec les caract\u00e9ristiques pr\u00e9dominantes de la bronchite, \u00e0 savoir la toux et l&rsquo;expectoration. Pour diagnostiquer l&rsquo;asthme professionnel, il est n\u00e9cessaire d&rsquo;obtenir des ant\u00e9c\u00e9dents pulmonaires et diagnostiques sp\u00e9cialis\u00e9s.<\/p>\n<p>&nbsp;<\/p>\n<h4>Crit\u00e8res de diagnostic<\/h4>\n<p>En 1995, l&rsquo;American College of Chest Physicians a \u00e9tabli des crit\u00e8res pour le diagnostic de l&rsquo;asthme li\u00e9 au travail (WRA), qui sont tous essentiels :<\/p>\n<ul>\n<li>Ant\u00e9c\u00e9dents compatibles avec un asthme professionnel<\/li>\n<li>Pr\u00e9sence d&rsquo;une limitation r\u00e9versible du d\u00e9bit d&rsquo;air<\/li>\n<li>En l&rsquo;absence de limitation du d\u00e9bit d&rsquo;air, la pr\u00e9sence d&rsquo;une hyperr\u00e9activit\u00e9 non sp\u00e9cifique des voies respiratoires<\/li>\n<li>D\u00e9monstration du lien avec le travail par des moyens objectifs.<\/li>\n<\/ul>\n<p>&nbsp;<\/p>\n<h3>Complications et affections comorbides pertinentes pour le travail<\/h3>\n<p>L&rsquo;asthme peut se manifester de mani\u00e8re complexe, entra\u00eenant divers sympt\u00f4mes secondaires et des probl\u00e8mes affectant la vie quotidienne et le travail. Parmi les exemples, on peut citer la toux chronique qui d\u00e9clenche un enrouement secondaire, interf\u00e9rant indirectement avec certains emplois (par exemple, en affectant la voix ou les capacit\u00e9s de conversation). Le reflux gastro-\u0153sophagien (RGO) est souvent li\u00e9 \u00e0 l&rsquo;asthme, potentiellement exacerb\u00e9 par les m\u00e9dicaments bronchodilatateurs qui affectent le sphincter \u0153sophagien inf\u00e9rieur et aggravent les sympt\u00f4mes de l&rsquo;asthme. Le dysfonctionnement des cordes vocales, distinct de l&rsquo;asthme, peut coexister avec lui ou \u00eatre d\u00e9clench\u00e9 par le RGO ou l&rsquo;exposition \u00e0 des irritants.<\/p>\n<\/div>\n<p>&nbsp;<\/p>\n<\/div>\n<\/div>\n<h2>Asthme professionnel \/ li\u00e9 au travail<\/h2>\n<h3>Anamn\u00e8se et examen physique<\/h3>\n<p>La base du diagnostic et des plans de traitement est \u00e9tablie par une \u00e9valuation compl\u00e8te des ant\u00e9c\u00e9dents d&rsquo;exposition professionnelle, de la pr\u00e9sentation et des r\u00e9sultats des tests de d\u00e9pistage diagnostiques.<\/p>\n<h3>Ant\u00e9c\u00e9dents de la maladie actuelle<\/h3>\n<h4>Expositions professionnelles et non professionnelles<\/h4>\n<p>L&rsquo;anamn\u00e8se de la maladie actuelle (HPI) doit documenter m\u00e9ticuleusement divers aspects, notamment<\/p>\n<ul>\n<li>Expositions pulmonaires professionnelles et non professionnelles.<\/li>\n<li>Professions actuelles et ant\u00e9rieures, en pr\u00e9cisant les types d&rsquo;activit\u00e9s professionnelles.<\/li>\n<li>Dur\u00e9e du temps pass\u00e9 dans chaque emploi, m\u00eame ceux occup\u00e9s des ann\u00e9es ou des d\u00e9cennies auparavant.<\/li>\n<\/ul>\n<p>&nbsp;<\/p>\n<h4>Expositions<\/h4>\n<p>D\u00e9tails concernant l&rsquo;exposition \u00e0 :<\/p>\n<ul>\n<li>Poussi\u00e8res (grains, farines, bois).<\/li>\n<li>M\u00e9taux (sels de platine, aluminium).<\/li>\n<li>Produits chimiques ou substances (gaz, fum\u00e9es, vapeurs comme l&rsquo;ammoniac, les isocyanates, les solvants, la fum\u00e9e et les a\u00e9rosols).<\/li>\n<\/ul>\n<p>&nbsp;<\/p>\n<h4>Intensit\u00e9 de l&rsquo;exposition<\/h4>\n<p>L&rsquo;intensit\u00e9 de l&rsquo;exposition devrait id\u00e9alement inclure des mesures environnementales (donn\u00e9es d&rsquo;hygi\u00e8ne industrielle) ou au moins une description qualitative (par exemple, quotidienne, hebdomadaire, mensuelle).<\/p>\n<p>&nbsp;<\/p>\n<h4>Responsabilit\u00e9s et sympt\u00f4mes<\/h4>\n<p>Inclure des questions sur les responsabilit\u00e9s individuelles et l&rsquo;exposition, couvrant des sympt\u00f4mes tels que<\/p>\n<ul>\n<li>Gorge serr\u00e9e<\/li>\n<li>Essoufflement<\/li>\n<li>Difficult\u00e9 \u00e0 inspirer ou \u00e0 expirer<\/li>\n<li>Respiration brutale<\/li>\n<li>Toux<\/li>\n<li>Production d&rsquo;expectorations<\/li>\n<li>Bronchite r\u00e9currente<\/li>\n<li>Oppression thoracique<\/li>\n<\/ul>\n<p>&nbsp;<\/p>\n<h4>Dur\u00e9e, apparition et fr\u00e9quence des sympt\u00f4mes<\/h4>\n<p>Documenter les d\u00e9tails concernant la dur\u00e9e, l&rsquo;apparition et la fr\u00e9quence des sympt\u00f4mes, y compris :<\/p>\n<ul>\n<li>Aggravation et att\u00e9nuation des sympt\u00f4mes en relation avec l&rsquo;environnement de travail.<\/li>\n<li>Changements dans l&rsquo;environnement de travail.<\/li>\n<li>\u00c9volution des sympt\u00f4mes en fonction des jours travaill\u00e9s et non travaill\u00e9s.<\/li>\n<li>Progression des sympt\u00f4mes.<\/li>\n<li>Mod\u00e8les saisonniers.<\/li>\n<\/ul>\n<p>&nbsp;<\/p>\n<h4>Sp\u00e9cificit\u00e9s et documentation<\/h4>\n<p>Documenter si les sympt\u00f4mes sont apparus apr\u00e8s une exposition unique \u00e0 un niveau \u00e9lev\u00e9 d&rsquo;inhalation d&rsquo;un irritant sur le lieu de travail. Inclure des informations sur l&rsquo;imagerie pulmonaire, les tests, les traitements ant\u00e9rieurs et le lien entre la maladie ou l&rsquo;accident et le travail. \u00c9valuer la capacit\u00e9 de la personne \u00e0 effectuer les t\u00e2ches professionnelles et les activit\u00e9s quotidiennes, ainsi que l&rsquo;historique du lieu de travail en ce qui concerne la taille de la pi\u00e8ce, la ventilation et l&rsquo;utilisation pass\u00e9e\/courante de l&rsquo;\u00e9quipement de protection individuelle (EPI).<\/p>\n<p>&nbsp;<\/p>\n<\/div>\n<h3>Ant\u00e9c\u00e9dents m\u00e9dicaux<\/h3>\n<h4>Contexte m\u00e9dical inclusif<\/h4>\n<p>Les ant\u00e9c\u00e9dents m\u00e9dicaux, qui englobent les expositions pulmonaires ant\u00e9rieures et les traitements, doivent inclure l&rsquo;asthme infantile, la susceptibilit\u00e9 \u00e0 la bronchite, le rhume des foins, l&rsquo;ecz\u00e9ma et la pneumonie.<\/p>\n<h4>Examen syst\u00e9mique<\/h4>\n<p>L&rsquo;examen des syst\u00e8mes doit englober les sympt\u00f4mes de diverses maladies, y compris les affections rhumatologiques, neurologiques, endocriniennes, n\u00e9oplasiques, dermatologiques et autres affections syst\u00e9miques.<\/p>\n<h4>Ant\u00e9c\u00e9dents en mati\u00e8re de tabagisme et de m\u00e9dication<\/h4>\n<p>Un historique d\u00e9taill\u00e9 du tabagisme, prenant en compte la marijuana et le vapotage, est essentiel. En outre, il convient de recueillir un historique complet des m\u00e9dicaments, y compris l&rsquo;utilisation de m\u00e9dicaments pulmonaires, d&rsquo;inhibiteurs de l&rsquo;enzyme de conversion de l&rsquo;angiotensine et de b\u00eata-bloquants.<\/p>\n<h4>D\u00e9tails sur la formation professionnelle et les loisirs<\/h4>\n<p>Explorer les activit\u00e9s professionnelles et r\u00e9cr\u00e9atives pour comprendre les expositions et les risques potentiels.<\/p>\n<h4>\u00c9tudes ant\u00e9rieures et ant\u00e9c\u00e9dents chirurgicaux<\/h4>\n<p>Tenir compte des \u00e9tudes d&rsquo;imagerie ant\u00e9rieures et des ant\u00e9c\u00e9dents chirurgicaux dans l&rsquo;\u00e9valuation.<\/p>\n<h4>Allergies et ant\u00e9c\u00e9dents familiaux<\/h4>\n<p>Inclure les ant\u00e9c\u00e9dents d&rsquo;allergie, en particulier les ant\u00e9c\u00e9dents d&rsquo;atopie, et s&rsquo;enqu\u00e9rir des ant\u00e9c\u00e9dents familiaux de maladie atopique.<\/p>\n<p>&nbsp;<\/p>\n<h3>Examen physique<\/h3>\n<h4>\u00c9l\u00e9ments de l&rsquo;examen physique pulmonaire professionnel<\/h4>\n<ul>\n<li>Signes vitaux, y compris la mesure de la fr\u00e9quence respiratoire et de la saturation en oxyg\u00e8ne.<\/li>\n<li>Capacit\u00e9s fonctionnelles globales, en \u00e9valuant la facilit\u00e9 \u00e0 se d\u00e9placer, \u00e0 marcher, \u00e0 changer de position, \u00e0 s&rsquo;habiller\/d\u00e9shabiller et les signes de dyspn\u00e9e.<\/li>\n<\/ul>\n<p>&nbsp;<\/p>\n<h4>\u00c9valuation de l&rsquo;\u00e9tat respiratoire<\/h4>\n<ul>\n<li>\u00c9valuation de l&rsquo;\u00e9tat respiratoire, en tenant compte de la fr\u00e9quence, de la profondeur, de l&rsquo;utilisation des muscles accessoires et de l&rsquo;\u00e9vasement nasal.<\/li>\n<\/ul>\n<p>&nbsp;<\/p>\n<h4>Inspection des stigmates<\/h4>\n<p>Rechercher les stigmates d&rsquo;une maladie pulmonaire, notamment les anomalies des muqueuses, les polypes nasaux, le gonflement et l&rsquo;\u00e9coulement, l&rsquo;h\u00e9b\u00e9tude et le diam\u00e8tre ant\u00e9ro-post\u00e9rieur du thorax.<\/p>\n<p>&nbsp;<\/p>\n<h4>Palpation et percussion<\/h4>\n<ul>\n<li>Palpation des anomalies de la paroi thoracique, des ad\u00e9nopathies et des masses du cou.<\/li>\n<li>Percussion pour la r\u00e9sonance afin d&rsquo;identifier l&rsquo;a\u00e9ration, le niveau du diaphragme et les signes d&rsquo;interface fluide ou de consolidation.<\/li>\n<\/ul>\n<p>&nbsp;<\/p>\n<h4>Auscultation<\/h4>\n<ul>\n<li>Auscultation du rapport inspiration\/expiration, des bruits respiratoires adventices (cr\u00e9pitants, sifflements, r\u00e2les, rhonchies) et des frottements pleuraux, en tenant compte du moment, de la localisation et de la persistance des observations pulmonaires.<\/li>\n<\/ul>\n<p>&nbsp;<\/p>\n<h4>Examen cardiaque<\/h4>\n<p>Effectuer un examen cardiaque, en pr\u00eatant attention aux r\u00e9sultats li\u00e9s au c\u0153ur pulmonaire et \u00e0 l&rsquo;insuffisance cardiaque.<\/p>\n<p>&nbsp;<\/p>\n<\/div>\n<div class=\"px-4 py-2 justify-center text-base md:gap-6 m-auto\">\n<h4>Examen dermique<\/h4>\n<p>Examiner la peau \u00e0 la recherche de signes de maladie, tels que l&rsquo;\u00e9ryth\u00e8me noueux (associ\u00e9 \u00e0 la sarco\u00efdose).<\/p>\n<\/div>\n<p>&nbsp;<\/p>\n<div class=\"px-4 py-2 justify-center text-base md:gap-6 m-auto\">\n<div class=\"flex flex-1 text-base mx-auto gap-3 md:px-5 lg:px-1 xl:px-5 md:max-w-3xl lg:max-w-[40rem] xl:max-w-[48rem] group final-completion\">\n<div class=\"relative flex w-full flex-col lg:w-[calc(100%-115px)] agent-turn\">\n<div class=\"flex-col gap-1 md:gap-3\">\n<div class=\"flex\"><\/div>\n<div class=\"mt-1 flex justify-start gap-3 empty:hidden\">\n<div class=\"text-gray-400 flex self-end lg:self-center justify-center lg:justify-start mt-0 -ml-1 visible\">\n<div class=\"flex items-center gap-1.5 text-xs\"><\/div>\n<\/div>\n<\/div>\n<\/div>\n<\/div>\n<\/div>\n<\/div>\n<\/div>\n<\/div>\n<\/div>\n<\/div>\n<\/div>\n<div class=\"w-full pt-2 md:pt-0 dark:border-white\/20 md:border-transparent md:dark:border-transparent md:w-[calc(100%-.5rem)]\">\n<form class=\"stretch mx-2 flex flex-row gap-3 last:mb-2 md:mx-4 md:last:mb-6 lg:mx-auto lg:max-w-2xl xl:max-w-3xl\">\n<div class=\"relative flex h-full flex-1 items-stretch md:flex-col\">\n<div class=\"flex w-full items-center\"><\/div>\n<\/div>\n<\/form>\n<\/div>\n","protected":false},"excerpt":{"rendered":"<p>Les lignes directrices \u00e9labor\u00e9es par la commission des accidents du travail de l&rsquo;\u00c9tat de New York ont pour but d&rsquo;aider les professionnels de la sant\u00e9 \u00e0 g\u00e9rer l&rsquo;asthme li\u00e9 au travail. Destin\u00e9es aux m\u00e9decins, ces lignes directrices de la Commission des accidents du travail offrent un soutien dans la d\u00e9termination des strat\u00e9gies de gestion appropri\u00e9es [&hellip;]<\/p>\n","protected":false},"author":33,"featured_media":0,"parent":21277,"menu_order":0,"comment_status":"closed","ping_status":"closed","template":"","meta":{"_et_pb_use_builder":"","_et_pb_old_content":"","_et_gb_content_width":"","footnotes":""},"class_list":["post-22364","page","type-page","status-publish","hentry"],"yoast_head":"<!-- This site is optimized with the Yoast SEO plugin v27.2 - https:\/\/yoast.com\/product\/yoast-seo-wordpress\/ -->\n<title>Directives de l&#039;\u00c9tat de New York pour le traitement m\u00e9dical de l&#039;asthme d&#039;origine professionnelle chez les travailleurs indemnis\u00e9s | Best Hip &amp; Knee Surgeon | NY, USA<\/title>\n<meta name=\"description\" content=\"Les lignes directrices \u00e9labor\u00e9es par la commission des accidents du travail de l&#039;\u00c9tat de New York ont pour but d&#039;aider les professionnels de la sant\u00e9 \u00e0\" \/>\n<meta name=\"robots\" content=\"index, follow, max-snippet:-1, max-image-preview:large, max-video-preview:-1\" \/>\n<link rel=\"canonical\" href=\"https:\/\/www.newyorkhipknee.com\/fr\/indemnisation-des-travailleurs\/lignes-directrices-pour-les-traitements-medicaux-mtg\/asthme-lie-au-travail\/\" \/>\n<meta property=\"og:locale\" content=\"fr_FR\" \/>\n<meta property=\"og:type\" content=\"article\" \/>\n<meta property=\"og:title\" content=\"Directives de l&#039;\u00c9tat de New York pour le traitement m\u00e9dical de l&#039;asthme d&#039;origine professionnelle chez les travailleurs indemnis\u00e9s | Best Hip &amp; Knee Surgeon | NY, USA\" \/>\n<meta property=\"og:description\" content=\"Les lignes directrices \u00e9labor\u00e9es par la commission des accidents du travail de l&#039;\u00c9tat de New York ont pour but d&#039;aider les professionnels de la sant\u00e9 \u00e0\" \/>\n<meta property=\"og:url\" content=\"https:\/\/www.newyorkhipknee.com\/fr\/indemnisation-des-travailleurs\/lignes-directrices-pour-les-traitements-medicaux-mtg\/asthme-lie-au-travail\/\" \/>\n<meta property=\"og:site_name\" content=\"Best Hip &amp; Knee Surgeon | NY, USA\" \/>\n<meta property=\"article:modified_time\" content=\"2024-01-30T16:57:33+00:00\" \/>\n<meta name=\"twitter:card\" content=\"summary_large_image\" \/>\n<meta name=\"twitter:label1\" content=\"Dur\u00e9e de lecture estim\u00e9e\" \/>\n\t<meta name=\"twitter:data1\" content=\"8 minutes\" \/>\n<script type=\"application\/ld+json\" class=\"yoast-schema-graph\">{\"@context\":\"https:\/\/schema.org\",\"@graph\":[{\"@type\":[\"WebPage\",\"MedicalWebPage\"],\"@id\":\"https:\/\/www.newyorkhipknee.com\/fr\/indemnisation-des-travailleurs\/lignes-directrices-pour-les-traitements-medicaux-mtg\/asthme-lie-au-travail\/\",\"url\":\"https:\/\/www.newyorkhipknee.com\/fr\/indemnisation-des-travailleurs\/lignes-directrices-pour-les-traitements-medicaux-mtg\/asthme-lie-au-travail\/\",\"name\":\"Directives de l'\u00c9tat de New York pour le traitement m\u00e9dical de l'asthme d'origine professionnelle chez les travailleurs indemnis\u00e9s | Best Hip &amp; Knee Surgeon | NY, USA\",\"isPartOf\":{\"@id\":\"https:\/\/www.newyorkhipknee.com\/fr\/#website\"},\"datePublished\":\"2024-01-15T15:24:23+00:00\",\"dateModified\":\"2024-01-30T16:57:33+00:00\",\"description\":\"Les lignes directrices \u00e9labor\u00e9es par la commission des accidents du travail de l'\u00c9tat de New York ont pour but d'aider les professionnels de la sant\u00e9 \u00e0\",\"breadcrumb\":{\"@id\":\"https:\/\/www.newyorkhipknee.com\/fr\/indemnisation-des-travailleurs\/lignes-directrices-pour-les-traitements-medicaux-mtg\/asthme-lie-au-travail\/#breadcrumb\"},\"inLanguage\":\"fr-FR\",\"potentialAction\":[{\"@type\":\"ReadAction\",\"target\":[\"https:\/\/www.newyorkhipknee.com\/fr\/indemnisation-des-travailleurs\/lignes-directrices-pour-les-traitements-medicaux-mtg\/asthme-lie-au-travail\/\"]}]},{\"@type\":\"BreadcrumbList\",\"@id\":\"https:\/\/www.newyorkhipknee.com\/fr\/indemnisation-des-travailleurs\/lignes-directrices-pour-les-traitements-medicaux-mtg\/asthme-lie-au-travail\/#breadcrumb\",\"itemListElement\":[{\"@type\":\"ListItem\",\"position\":1,\"name\":\"Home\",\"item\":\"https:\/\/www.newyorkhipknee.com\/fr\/\"},{\"@type\":\"ListItem\",\"position\":2,\"name\":\"Indemnisation des travailleurs\",\"item\":\"https:\/\/www.newyorkhipknee.com\/fr\/indemnisation-des-travailleurs\/\"},{\"@type\":\"ListItem\",\"position\":3,\"name\":\"Lignes directrices pour les traitements m\u00e9dicaux (MTG)\",\"item\":\"https:\/\/www.newyorkhipknee.com\/fr\/indemnisation-des-travailleurs\/lignes-directrices-pour-les-traitements-medicaux-mtg\/\"},{\"@type\":\"ListItem\",\"position\":4,\"name\":\"Directives de l&rsquo;\u00c9tat de New York pour le traitement m\u00e9dical de l&rsquo;asthme d&rsquo;origine professionnelle chez les travailleurs indemnis\u00e9s\"}]},{\"@type\":\"WebSite\",\"@id\":\"https:\/\/www.newyorkhipknee.com\/fr\/#website\",\"url\":\"https:\/\/www.newyorkhipknee.com\/fr\/\",\"name\":\"Best Hip & Knee Surgeon | NY, USA\",\"description\":\"\",\"potentialAction\":[{\"@type\":\"SearchAction\",\"target\":{\"@type\":\"EntryPoint\",\"urlTemplate\":\"https:\/\/www.newyorkhipknee.com\/fr\/?s={search_term_string}\"},\"query-input\":{\"@type\":\"PropertyValueSpecification\",\"valueRequired\":true,\"valueName\":\"search_term_string\"}}],\"inLanguage\":\"fr-FR\"}]}<\/script>\n<!-- \/ Yoast SEO plugin. -->","yoast_head_json":{"title":"Directives de l'\u00c9tat de New York pour le traitement m\u00e9dical de l'asthme d'origine professionnelle chez les travailleurs indemnis\u00e9s | Best Hip &amp; Knee Surgeon | NY, USA","description":"Les lignes directrices \u00e9labor\u00e9es par la commission des accidents du travail de l'\u00c9tat de New York ont pour but d'aider les professionnels de la sant\u00e9 \u00e0","robots":{"index":"index","follow":"follow","max-snippet":"max-snippet:-1","max-image-preview":"max-image-preview:large","max-video-preview":"max-video-preview:-1"},"canonical":"https:\/\/www.newyorkhipknee.com\/fr\/indemnisation-des-travailleurs\/lignes-directrices-pour-les-traitements-medicaux-mtg\/asthme-lie-au-travail\/","og_locale":"fr_FR","og_type":"article","og_title":"Directives de l'\u00c9tat de New York pour le traitement m\u00e9dical de l'asthme d'origine professionnelle chez les travailleurs indemnis\u00e9s | Best Hip &amp; Knee Surgeon | NY, USA","og_description":"Les lignes directrices \u00e9labor\u00e9es par la commission des accidents du travail de l'\u00c9tat de New York ont pour but d'aider les professionnels de la sant\u00e9 \u00e0","og_url":"https:\/\/www.newyorkhipknee.com\/fr\/indemnisation-des-travailleurs\/lignes-directrices-pour-les-traitements-medicaux-mtg\/asthme-lie-au-travail\/","og_site_name":"Best Hip &amp; Knee Surgeon | NY, USA","article_modified_time":"2024-01-30T16:57:33+00:00","twitter_card":"summary_large_image","twitter_misc":{"Dur\u00e9e de lecture estim\u00e9e":"8 minutes"},"schema":{"@context":"https:\/\/schema.org","@graph":[{"@type":["WebPage","MedicalWebPage"],"@id":"https:\/\/www.newyorkhipknee.com\/fr\/indemnisation-des-travailleurs\/lignes-directrices-pour-les-traitements-medicaux-mtg\/asthme-lie-au-travail\/","url":"https:\/\/www.newyorkhipknee.com\/fr\/indemnisation-des-travailleurs\/lignes-directrices-pour-les-traitements-medicaux-mtg\/asthme-lie-au-travail\/","name":"Directives de l'\u00c9tat de New York pour le traitement m\u00e9dical de l'asthme d'origine professionnelle chez les travailleurs indemnis\u00e9s | Best Hip &amp; Knee Surgeon | NY, USA","isPartOf":{"@id":"https:\/\/www.newyorkhipknee.com\/fr\/#website"},"datePublished":"2024-01-15T15:24:23+00:00","dateModified":"2024-01-30T16:57:33+00:00","description":"Les lignes directrices \u00e9labor\u00e9es par la commission des accidents du travail de l'\u00c9tat de New York ont pour but d'aider les professionnels de la sant\u00e9 \u00e0","breadcrumb":{"@id":"https:\/\/www.newyorkhipknee.com\/fr\/indemnisation-des-travailleurs\/lignes-directrices-pour-les-traitements-medicaux-mtg\/asthme-lie-au-travail\/#breadcrumb"},"inLanguage":"fr-FR","potentialAction":[{"@type":"ReadAction","target":["https:\/\/www.newyorkhipknee.com\/fr\/indemnisation-des-travailleurs\/lignes-directrices-pour-les-traitements-medicaux-mtg\/asthme-lie-au-travail\/"]}]},{"@type":"BreadcrumbList","@id":"https:\/\/www.newyorkhipknee.com\/fr\/indemnisation-des-travailleurs\/lignes-directrices-pour-les-traitements-medicaux-mtg\/asthme-lie-au-travail\/#breadcrumb","itemListElement":[{"@type":"ListItem","position":1,"name":"Home","item":"https:\/\/www.newyorkhipknee.com\/fr\/"},{"@type":"ListItem","position":2,"name":"Indemnisation des travailleurs","item":"https:\/\/www.newyorkhipknee.com\/fr\/indemnisation-des-travailleurs\/"},{"@type":"ListItem","position":3,"name":"Lignes directrices pour les traitements m\u00e9dicaux (MTG)","item":"https:\/\/www.newyorkhipknee.com\/fr\/indemnisation-des-travailleurs\/lignes-directrices-pour-les-traitements-medicaux-mtg\/"},{"@type":"ListItem","position":4,"name":"Directives de l&rsquo;\u00c9tat de New York pour le traitement m\u00e9dical de l&rsquo;asthme d&rsquo;origine professionnelle chez les travailleurs indemnis\u00e9s"}]},{"@type":"WebSite","@id":"https:\/\/www.newyorkhipknee.com\/fr\/#website","url":"https:\/\/www.newyorkhipknee.com\/fr\/","name":"Best Hip & Knee Surgeon | NY, USA","description":"","potentialAction":[{"@type":"SearchAction","target":{"@type":"EntryPoint","urlTemplate":"https:\/\/www.newyorkhipknee.com\/fr\/?s={search_term_string}"},"query-input":{"@type":"PropertyValueSpecification","valueRequired":true,"valueName":"search_term_string"}}],"inLanguage":"fr-FR"}]}},"_links":{"self":[{"href":"https:\/\/www.newyorkhipknee.com\/fr\/wp-json\/wp\/v2\/pages\/22364","targetHints":{"allow":["GET"]}}],"collection":[{"href":"https:\/\/www.newyorkhipknee.com\/fr\/wp-json\/wp\/v2\/pages"}],"about":[{"href":"https:\/\/www.newyorkhipknee.com\/fr\/wp-json\/wp\/v2\/types\/page"}],"author":[{"embeddable":true,"href":"https:\/\/www.newyorkhipknee.com\/fr\/wp-json\/wp\/v2\/users\/33"}],"replies":[{"embeddable":true,"href":"https:\/\/www.newyorkhipknee.com\/fr\/wp-json\/wp\/v2\/comments?post=22364"}],"version-history":[{"count":0,"href":"https:\/\/www.newyorkhipknee.com\/fr\/wp-json\/wp\/v2\/pages\/22364\/revisions"}],"up":[{"embeddable":true,"href":"https:\/\/www.newyorkhipknee.com\/fr\/wp-json\/wp\/v2\/pages\/21277"}],"wp:attachment":[{"href":"https:\/\/www.newyorkhipknee.com\/fr\/wp-json\/wp\/v2\/media?parent=22364"}],"curies":[{"name":"wp","href":"https:\/\/api.w.org\/{rel}","templated":true}]}}